{"id":2067,"date":"2025-02-24T09:48:32","date_gmt":"2025-02-24T08:48:32","guid":{"rendered":"https:\/\/marinewallon.fr\/?page_id=2067"},"modified":"2025-03-14T09:32:42","modified_gmt":"2025-03-14T08:32:42","slug":"press","status":"publish","type":"page","link":"https:\/\/marinewallon.fr\/?page_id=2067","title":{"rendered":"Press"},"content":{"rendered":"\n<h1 class=\"wp-block-heading\" style=\"font-size:28px\">Press<\/h1>\n\n\n<style>.wp-block-kadence-spacer.kt-block-spacer-2067_33e812-ec .kt-block-spacer{height:10px;}.wp-block-kadence-spacer.kt-block-spacer-2067_33e812-ec .kt-divider{border-top-width:1px;height:1px;border-top-color:var(--global-palette1, #3182CE);width:80%;border-top-style:solid;}<\/style>\n<div class=\"wp-block-kadence-spacer aligncenter kt-block-spacer-2067_33e812-ec\"><div class=\"kt-block-spacer kt-block-spacer-halign-center\"><hr class=\"kt-divider\"\/><\/div><\/div>\n\n\n\n<p><strong><em>La peinture en France<\/em><\/strong><br>by Julie Chaizemartin<br>Art Press, Oct 2024<br><a href=\"https:\/\/marinewallon.fr\/wp-content\/uploads\/2025\/03\/artpress.pdf\" target=\"_blank\" rel=\"noreferrer noopener\">PDF<\/a>, FR<\/p>\n\n\n\n<p><strong><em>Parole d&rsquo;artiste, Marine Wallon<\/em><\/strong><br>by Enzo Menuge<br>Dossiers de l&rsquo;art, Nov 2024<br><a href=\"https:\/\/marinewallon.fr\/wp-content\/uploads\/2025\/03\/Actu-Marine-Wallon.pdf\" target=\"_blank\" rel=\"noreferrer noopener\">PDF<\/a>, FR<\/p>\n\n\n\n<p><em><strong>S\u00e9lection galerie, Marine Wallon chez Catherine Issert<\/strong><\/em> <br>by Emmanuelle Jardonnet <br>Le Monde, June 2024 <br><a href=\"https:\/\/artlogic-res.cloudinary.com\/c_limit,f_auto,fl_lossy,q_auto\/ws-galeriecatherineissert\/usr\/documents\/press\/download_url\/37\/___le-monde__.jpg\" target=\"_blank\" rel=\"noreferrer noopener\">PDF<\/a>, FR<\/p>\n\n\n\n<p><em><strong>Marine Wallon au c\u0153ur de la mati\u00e8re<\/strong><\/em> <br>by&nbsp;Marie Maertens<br>Connaissance des arts, July 2024<br><a href=\"https:\/\/www.galerie-issert.com\/usr\/documents\/press\/download_url\/35\/smf330324062511140.pdf\" target=\"_blank\" rel=\"noreferrer noopener\">PDF<\/a>, FR<\/p>\n\n\n\n<p><em><strong>Marine Wallon, Jeux de contrastes<\/strong><\/em> <br>by Julie Chaizemartin <br>Le Quotidien de l&rsquo;art,&nbsp;<br>July 2024<br><a href=\"https:\/\/www.galerie-issert.com\/usr\/documents\/press\/download_url\/36\/revue-de-presse-marine-wallon-juin-aout-24-galerie-catherine-issert_compressed-glisse-e-s-.pdf\" target=\"_blank\" rel=\"noreferrer noopener\">PDF<\/a>, FR<\/p>\n\n\n\n<p><em><strong>7 expositions \u00e0 voir en ao\u00fbt \u00e0 Paris (et partout en Europe)<\/strong><\/em><br>by Lolita Mang<br>Vogue France,&nbsp;July 2024<br><a href=\"https:\/\/www.vogue.fr\/article\/expositions-a-faire-visiter-aout-paris-france-2024\" target=\"_blank\" rel=\"noreferrer noopener\">PDF<\/a>, FR<\/p>\n\n\n\n<p><em><strong>Trois jeunes artistes \u00e0 suivre<\/strong><\/em><br>by&nbsp;Julie Chaizemartin<br>Transfuge, June 2024<br><a href=\"https:\/\/www.galerie-issert.com\/usr\/documents\/press\/download_url\/29\/2024-06-01-transfuge-glisse-e-s-.pdf\" target=\"_blank\" rel=\"noreferrer noopener\">PDF<\/a>, FR&nbsp;<\/p>\n\n\n\n<p><em><strong>Un dialogue entre tradition et modernit\u00e9<\/strong><\/em><br>Grandpalais.fr, Oct. 2024&nbsp;<br><a href=\"https:\/\/www.grandpalais.fr\/fr\/article\/art-basel-sous-la-verriere-du-grand-palais-nos-ateliers-dart-grandpalaisrmn-lhonneur\" target=\"_blank\" rel=\"noreferrer noopener\">WEB<\/a>, FR<\/p>\n\n\n\n<p><strong><em>Art Paris, coups de c\u0153ur de l&rsquo;\u00e9dition 2024<\/em><\/strong><br>by Guy Boyer<br>Connaissance des arts, Apr. 2024<br><a href=\"http:\/\/marinewallon.fr\/wp-content\/uploads\/2025\/02\/2-Connaissancearts-avril2024-GuyBoyer.pdf\" target=\"_blank\" rel=\"noreferrer noopener\">WEB<\/a>, FR<\/p>\n\n\n\n<p><em><strong>Marine Wallon, la peinture en mouvement<\/strong><\/em><br>by Marie Maertens<br>Connaissance des arts, March 2023<br><a href=\"https:\/\/www.galerie-issert.com\/usr\/documents\/press\/download_url\/11\/connaissance-des-arts.jpeg\" target=\"_blank\" rel=\"noreferrer noopener\">PDF<\/a>, FR<\/p>\n\n\n\n<p><em><strong>Lumi\u00e8re sur 6 dessinateurs \u00e0 suivre de (tr\u00e8s) pr\u00e8s<\/strong><\/em><br>by Ma\u00eflys Celeux-Lanval<br>Beaux Arts Magazine, March 2023<br><a href=\"https:\/\/www.beauxarts.com\/expos\/pour-le-mois-du-dessin-lumiere-sur-6-dessinateurs-a-suivre-de-tres-pres\/\" target=\"_blank\" rel=\"noreferrer noopener\">WEB<\/a>, FR<\/p>\n\n\n\n<p><em><strong>Drawing Now sous le prisme du f\u00e9minin<\/strong><\/em> <br>by&nbsp;Isaline Dupond Jacquemart<br>\u00c9tapes,&nbsp;March 2023&nbsp;<br><a href=\"https:\/\/www.etapes.com\/2023\/03\/03\/drawing-now-art-fair-le-dessin-sous-le-prisme-du-feminin\/\" target=\"_blank\" rel=\"noreferrer noopener\">WEB<\/a>, FR<\/p>\n\n\n\n<p><em><strong>Paris confirme son rang de capitale du dessin&nbsp;<\/strong><\/em> <br>by St\u00e9phanie Pioda, Julie Chaizemartin, Jade Pillaudin &amp; Jordane de Fa\u00ff <br>Le Quotidien de l&rsquo;art,&nbsp;March 2023&nbsp;<br><a href=\"https:\/\/www.lequotidiendelart.com\/articles\/23534-paris-confirme-son-rang-de-capitale-du-dessin.html\" target=\"_blank\" rel=\"noreferrer noopener\">WEB<\/a>, FR<\/p>\n\n\n\n<p><em><strong>L&rsquo;art du paysage selon Marine Wallon<\/strong><\/em><br>by Rodolphe Laurent<br>L&rsquo;Est \u00e9clair, Jan. 2023<br><a href=\"https:\/\/www.lest-eclair.fr\/id451315\/article\/2023-01-30\/lart-du-paysage-selon-marine-wallon\" target=\"_blank\" rel=\"noreferrer noopener\">WEB<\/a>, FR<\/p>\n\n\n\n<p><em><strong>Le Prix Prat \u00e0 Marine Wallon et Florian Krewer<\/strong><\/em><br>by Rafael Pic<br>Le Quotidien de l&rsquo;art, March 2022<br><a href=\"https:\/\/www.galerie-issert.com\/press\/25-marine-wallon-quotidien-de-l-art-par-rafael-pic-edition-n2354-23\" target=\"_blank\" rel=\"noreferrer noopener\">WEB<\/a>, FR<\/p>\n\n\n\n<p><em><strong>Florian Krewer et Marine Wallon, ex \u00e6quo pour le Prix Jean-Fran\u00e7ois Prat<\/strong><\/em><br>The Art Newspaper,&nbsp;March 2022<br><a href=\"http:\/\/marinewallon.fr\/wp-content\/uploads\/2025\/02\/the-art-newspaper-mars2022.pdf\">PDF<\/a>, FR<\/p>\n\n\n\n<p><em><strong>Le prix de la Fondation Colas remis \u00e0 6 peintres<\/strong><\/em><br>by Alison Moss<br>Le Quotidien de l&rsquo;art, July 2020<br><a href=\"https:\/\/www.lequotidiendelart.com\/articles\/18160-le-prix-de-la-fondation-colas-2020-remis-%C3%A0-six-peintres.html\" target=\"_blank\" rel=\"noreferrer noopener\">WEB<\/a>, FR<\/p>\n\n\n\n<p><em><strong>\u00c9closion de 52 nouveaux talents \u00e0 Montrouge<\/strong><\/em> <br>by Fran\u00e7oise-Aline Blain<br>Beaux Arts Magazine, Apr. 2019<br><a href=\"http:\/\/marinewallon.fr\/wp-content\/uploads\/2025\/02\/avril2019-beaux-arts-magazine.jpg\" target=\"_blank\" rel=\"noreferrer noopener\">PDF<\/a>, FR<\/p>\n\n\n\n<p><strong><em>Le Salon de Montrouge d\u00e9voile ses candidats<\/em><\/strong> <br>by Chlo\u00e9 Subra<br>Connaissance des arts,&nbsp;Apr. 2019<br><a href=\"https:\/\/www.connaissancedesarts.com\/marche-art\/salons-foires\/le-salon-de-montrouge-2019-devoile-ses-laureats-11119885\/\" target=\"_blank\" rel=\"noreferrer noopener\">WEB<\/a>, FR<\/p>\n","protected":false},"excerpt":{"rendered":"<p>Press La peinture en Franceby Julie ChaizemartinArt Press, Oct 2024PDF, FR Parole d&rsquo;artiste, Marine Wallonby Enzo MenugeDossiers de l&rsquo;art, Nov 2024PDF, FR S\u00e9lection galerie, Marine Wallon chez Catherine Issert by Emmanuelle Jardonnet Le Monde, June 2024 PDF, FR Marine Wallon au c\u0153ur de la mati\u00e8re by&nbsp;Marie MaertensConnaissance des arts, July 2024PDF, FR Marine Wallon, Jeux&#8230;<\/p>\n","protected":false},"author":1,"featured_media":0,"parent":0,"menu_order":0,"comment_status":"closed","ping_status":"closed","template":"","meta":{"_kad_post_transparent":"","_kad_post_title":"","_kad_post_layout":"","_kad_post_sidebar_id":"","_kad_post_content_style":"","_kad_post_vertical_padding":"","_kad_post_feature":"","_kad_post_feature_position":"","_kad_post_header":false,"_kad_post_footer":false,"footnotes":""},"yoast_head":"<!-- This site is optimized with the Yoast SEO plugin v21.6 - https:\/\/yoast.com\/wordpress\/plugins\/seo\/ -->\n<title>Press - MARINE WALLON<\/title>\n<meta name=\"robots\" content=\"index, follow, max-snippet:-1, max-image-preview:large, max-video-preview:-1\" \/>\n<link rel=\"canonical\" href=\"https:\/\/marinewallon.fr\/?page_id=2067\" \/>\n<meta property=\"og:locale\" content=\"fr_FR\" \/>\n<meta property=\"og:type\" content=\"article\" \/>\n<meta property=\"og:title\" content=\"Press - MARINE WALLON\" \/>\n<meta property=\"og:description\" content=\"Press La peinture en Franceby Julie ChaizemartinArt Press, Oct 2024PDF, FR Parole d&rsquo;artiste, Marine Wallonby Enzo MenugeDossiers de l&rsquo;art, Nov 2024PDF, FR S\u00e9lection galerie, Marine Wallon chez Catherine Issert by Emmanuelle Jardonnet Le Monde, June 2024 PDF, FR Marine Wallon au c\u0153ur de la mati\u00e8re by&nbsp;Marie MaertensConnaissance des arts, July 2024PDF, FR Marine Wallon, Jeux...\" \/>\n<meta property=\"og:url\" content=\"https:\/\/marinewallon.fr\/?page_id=2067\" \/>\n<meta property=\"og:site_name\" content=\"MARINE WALLON\" \/>\n<meta property=\"article:modified_time\" content=\"2025-03-14T08:32:42+00:00\" \/>\n<meta name=\"twitter:card\" content=\"summary_large_image\" \/>\n<meta name=\"twitter:label1\" content=\"Dur\u00e9e de lecture estim\u00e9e\" \/>\n\t<meta name=\"twitter:data1\" content=\"2 minutes\" \/>\n<script type=\"application\/ld+json\" class=\"yoast-schema-graph\">{\"@context\":\"https:\/\/schema.org\",\"@graph\":[{\"@type\":\"WebPage\",\"@id\":\"https:\/\/marinewallon.fr\/?page_id=2067\",\"url\":\"https:\/\/marinewallon.fr\/?page_id=2067\",\"name\":\"Press - MARINE WALLON\",\"isPartOf\":{\"@id\":\"https:\/\/marinewallon.fr\/#website\"},\"datePublished\":\"2025-02-24T08:48:32+00:00\",\"dateModified\":\"2025-03-14T08:32:42+00:00\",\"breadcrumb\":{\"@id\":\"https:\/\/marinewallon.fr\/?page_id=2067#breadcrumb\"},\"inLanguage\":\"fr-FR\",\"potentialAction\":[{\"@type\":\"ReadAction\",\"target\":[\"https:\/\/marinewallon.fr\/?page_id=2067\"]}]},{\"@type\":\"BreadcrumbList\",\"@id\":\"https:\/\/marinewallon.fr\/?page_id=2067#breadcrumb\",\"itemListElement\":[{\"@type\":\"ListItem\",\"position\":1,\"name\":\"Accueil\",\"item\":\"https:\/\/marinewallon.fr\/\"},{\"@type\":\"ListItem\",\"position\":2,\"name\":\"Press\"}]},{\"@type\":\"WebSite\",\"@id\":\"https:\/\/marinewallon.fr\/#website\",\"url\":\"https:\/\/marinewallon.fr\/\",\"name\":\"MARINE WALLON\",\"description\":\"\",\"alternateName\":\"marinewallon\",\"potentialAction\":[{\"@type\":\"SearchAction\",\"target\":{\"@type\":\"EntryPoint\",\"urlTemplate\":\"https:\/\/marinewallon.fr\/?s={search_term_string}\"},\"query-input\":\"required name=search_term_string\"}],\"inLanguage\":\"fr-FR\"}]}<\/script>\n<!-- \/ Yoast SEO plugin. -->","yoast_head_json":{"title":"Press - MARINE WALLON","robots":{"index":"index","follow":"follow","max-snippet":"max-snippet:-1","max-image-preview":"max-image-preview:large","max-video-preview":"max-video-preview:-1"},"canonical":"https:\/\/marinewallon.fr\/?page_id=2067","og_locale":"fr_FR","og_type":"article","og_title":"Press - MARINE WALLON","og_description":"Press La peinture en Franceby Julie ChaizemartinArt Press, Oct 2024PDF, FR Parole d&rsquo;artiste, Marine Wallonby Enzo MenugeDossiers de l&rsquo;art, Nov 2024PDF, FR S\u00e9lection galerie, Marine Wallon chez Catherine Issert by Emmanuelle Jardonnet Le Monde, June 2024 PDF, FR Marine Wallon au c\u0153ur de la mati\u00e8re by&nbsp;Marie MaertensConnaissance des arts, July 2024PDF, FR Marine Wallon, Jeux...","og_url":"https:\/\/marinewallon.fr\/?page_id=2067","og_site_name":"MARINE WALLON","article_modified_time":"2025-03-14T08:32:42+00:00","twitter_card":"summary_large_image","twitter_misc":{"Dur\u00e9e de lecture estim\u00e9e":"2 minutes"},"schema":{"@context":"https:\/\/schema.org","@graph":[{"@type":"WebPage","@id":"https:\/\/marinewallon.fr\/?page_id=2067","url":"https:\/\/marinewallon.fr\/?page_id=2067","name":"Press - MARINE WALLON","isPartOf":{"@id":"https:\/\/marinewallon.fr\/#website"},"datePublished":"2025-02-24T08:48:32+00:00","dateModified":"2025-03-14T08:32:42+00:00","breadcrumb":{"@id":"https:\/\/marinewallon.fr\/?page_id=2067#breadcrumb"},"inLanguage":"fr-FR","potentialAction":[{"@type":"ReadAction","target":["https:\/\/marinewallon.fr\/?page_id=2067"]}]},{"@type":"BreadcrumbList","@id":"https:\/\/marinewallon.fr\/?page_id=2067#breadcrumb","itemListElement":[{"@type":"ListItem","position":1,"name":"Accueil","item":"https:\/\/marinewallon.fr\/"},{"@type":"ListItem","position":2,"name":"Press"}]},{"@type":"WebSite","@id":"https:\/\/marinewallon.fr\/#website","url":"https:\/\/marinewallon.fr\/","name":"MARINE WALLON","description":"","alternateName":"marinewallon","potentialAction":[{"@type":"SearchAction","target":{"@type":"EntryPoint","urlTemplate":"https:\/\/marinewallon.fr\/?s={search_term_string}"},"query-input":"required name=search_term_string"}],"inLanguage":"fr-FR"}]}},"_links":{"self":[{"href":"https:\/\/marinewallon.fr\/index.php?rest_route=\/wp\/v2\/pages\/2067"}],"collection":[{"href":"https:\/\/marinewallon.fr\/index.php?rest_route=\/wp\/v2\/pages"}],"about":[{"href":"https:\/\/marinewallon.fr\/index.php?rest_route=\/wp\/v2\/types\/page"}],"author":[{"embeddable":true,"href":"https:\/\/marinewallon.fr\/index.php?rest_route=\/wp\/v2\/users\/1"}],"replies":[{"embeddable":true,"href":"https:\/\/marinewallon.fr\/index.php?rest_route=%2Fwp%2Fv2%2Fcomments&post=2067"}],"version-history":[{"count":18,"href":"https:\/\/marinewallon.fr\/index.php?rest_route=\/wp\/v2\/pages\/2067\/revisions"}],"predecessor-version":[{"id":2119,"href":"https:\/\/marinewallon.fr\/index.php?rest_route=\/wp\/v2\/pages\/2067\/revisions\/2119"}],"wp:attachment":[{"href":"https:\/\/marinewallon.fr\/index.php?rest_route=%2Fwp%2Fv2%2Fmedia&parent=2067"}],"curies":[{"name":"wp","href":"https:\/\/api.w.org\/{rel}","templated":true}]}}