{"id":215,"date":"2023-09-12T23:02:07","date_gmt":"2023-09-12T21:02:07","guid":{"rendered":"https:\/\/marinewallon.fr\/?page_id=215"},"modified":"2026-03-17T09:51:29","modified_gmt":"2026-03-17T08:51:29","slug":"text-2022-benoit-blanchard-sarah-mercadente","status":"publish","type":"page","link":"https:\/\/marinewallon.fr\/?page_id=215","title":{"rendered":"Text 2022, Beno\u00eet Blanchard &#038; Sarah Mercadente"},"content":{"rendered":"\n<h1 class=\"wp-block-heading\" style=\"font-size:28px\">Critical texts<\/h1>\n\n\n<style>.wp-block-kadence-spacer.kt-block-spacer-215_1e9979-5a .kt-block-spacer{height:10px;}.wp-block-kadence-spacer.kt-block-spacer-215_1e9979-5a .kt-divider{border-top-width:1px;height:1px;border-top-color:var(--global-palette1, #3182CE);width:80%;border-top-style:solid;}<\/style>\n<div class=\"wp-block-kadence-spacer aligncenter kt-block-spacer-215_1e9979-5a\"><div class=\"kt-block-spacer kt-block-spacer-halign-center\"><hr class=\"kt-divider\"\/><\/div><\/div>\n\n\n\n<div class=\"wp-block-columns is-layout-flex wp-container-core-columns-is-layout-1 wp-block-columns-is-layout-flex\">\n<div class=\"wp-block-column is-layout-flow wp-block-column-is-layout-flow\" style=\"flex-basis:38%\">\n<p><code>2026<\/code><br>\u00b7 <a href=\"https:\/\/marinewallon.fr\/?page_id=2381\/#go23\">Paul Ardenne<\/a><br><br><code>2025<\/code><br>\u00b7 <a href=\"https:\/\/marinewallon.fr\/?page_id=2181\/#go21\">Thomas Delamarre<\/a><br><br><code>2024<\/code><br>\u00b7 <a href=\"https:\/\/marinewallon.fr\/?page_id=1768\/#go0\">Dominique Pa\u00efni<\/a><br>\u00b7 <a href=\"https:\/\/marinewallon.fr\/?page_id=1773\/#go1\">Elsa Hougue<\/a><br><br><code>2023<\/code><br>\u00b7 <a href=\"https:\/\/marinewallon.fr\/?page_id=1388\/#go19\">Estelle Marois<\/a><br>\u00b7 <a href=\"https:\/\/marinewallon.fr\/?page_id=146\/#go18\">Didier Semin<\/a><br>\u00b7 <a data-type=\"page\" data-id=\"1643\" href=\"https:\/\/marinewallon.fr\/?page_id=1643\/#go20\">Marie Maertens<\/a><br>\u00b7 <a href=\"https:\/\/marinewallon.fr\/?page_id=197\/#go16\">Marie de Brugerolle &amp; Anne Dary<\/a><\/p>\n\n\n\n<p><code>2022<\/code><br>\u00b7 <a href=\"https:\/\/marinewallon.fr\/?page_id=187\/#go17\">Guy Boyer<\/a><br><strong><strong>\u2192 <\/strong>Benoit Blanchard &amp; Sarah Mercadante<\/strong><\/p>\n\n\n\n<p class=\"has-small-font-size\"><code>2021<\/code><br>\u00b7 <a data-type=\"page\" data-id=\"230\" href=\"https:\/\/marinewallon.fr\/?page_id=230\/#go14\">Jo\u00ebl Riff<\/a><br>\u00b7 <a data-type=\"page\" data-id=\"232\" href=\"https:\/\/marinewallon.fr\/?page_id=232\/#go13\">Conversation<br><mark style=\"background-color:rgba(0, 0, 0, 0)\" class=\"has-inline-color has-theme-palette-1-color\">\u2014  <\/mark> Jennifer Douzenel \u2014 M. Wallon<\/a><br>\u00b7 <a data-type=\"page\" data-id=\"234\" href=\"https:\/\/marinewallon.fr\/?page_id=234\/#go12\">Horya Makhlouf<\/a><br><br><code>2020<\/code><br>\u00b7 <a data-type=\"page\" data-id=\"236\" href=\"https:\/\/marinewallon.fr\/?page_id=236\/#go11\">Lignes Br\u00e8ves<\/a><br><br><code>2019<\/code><br>\u00b7 <a data-type=\"page\" data-id=\"238\" href=\"https:\/\/marinewallon.fr\/?page_id=238\/#go10\">Jo\u00ebl Riff<\/a><br>\u00b7 <a data-type=\"page\" data-id=\"240\" href=\"https:\/\/marinewallon.fr\/?page_id=240\/#go9\">Entretien avec Karin Schlageter<\/a><br><br><code>2018&nbsp;<\/code><br>\u00b7 <a data-type=\"page\" data-id=\"242\" href=\"https:\/\/marinewallon.fr\/?page_id=242\/#go8\">Sarah Ilher-Meyer<\/a><br>\u00b7 <a data-type=\"page\" data-id=\"244\" href=\"https:\/\/marinewallon.fr\/?page_id=244\/#go7\">Entretien avec Point Contemporain<\/a><br><br><code>2017<\/code><br>\u00b7 <a data-type=\"page\" data-id=\"246\" href=\"https:\/\/marinewallon.fr\/?page_id=246\/#go6\">Anne Collongues<\/a><br>\u00b7 <a data-type=\"page\" data-id=\"248\" href=\"https:\/\/marinewallon.fr\/?page_id=248\/#go5\">Th\u00e9o-Mario Coppola<\/a><br><br><code>2015<\/code><br>\u00b7 <a data-type=\"page\" data-id=\"250\" href=\"https:\/\/marinewallon.fr\/?page_id=250\/#go4\">Marianne Derrien,<br><mark style=\"background-color:rgba(0, 0, 0, 0)\" class=\"has-inline-color has-theme-palette-1-color\">\u2014  <\/mark><em>Le mirage des images<\/em><\/a><br><br><code>2014<\/code><br>\u00b7 <a data-type=\"page\" data-id=\"252\" href=\"https:\/\/marinewallon.fr\/?page_id=252\/#go3\">Marion Delage de Luget,<br><mark style=\"background-color:rgba(0, 0, 0, 0)\" class=\"has-inline-color has-theme-palette-1-color\">\u2014  <\/mark><em>L&rsquo;horizontalit\u00e9 \u00e0 l\u2019\u0153uvre<\/em><\/a><br><br><code>2013&nbsp;<\/code><br>\u00b7 <a data-type=\"page\" data-id=\"254\" href=\"https:\/\/marinewallon.fr\/?page_id=254\/#go2\">Marianne Derrien,<br><mark style=\"background-color:rgba(0, 0, 0, 0)\" class=\"has-inline-color has-theme-palette-1-color\">\u2014  <\/mark><em>Saxifraga Umbrosa<\/em><\/a><br><br><code>2011<\/code><br>\u00b7 <a href=\"https:\/\/marinewallon.fr\/?page_id=256\/#go1b\">Anne Collongues<\/a><\/p>\n<\/div>\n\n\n\n<div class=\"wp-block-column is-layout-flow wp-block-column-is-layout-flow\" style=\"flex-basis:64%\">\n<h2 class=\"wp-block-heading\" id=\"go15\"><\/h2>\n\n\n<style>.wp-block-kadence-spacer.kt-block-spacer-215_39bffe-cc .kt-block-spacer{height:14px;}.wp-block-kadence-spacer.kt-block-spacer-215_39bffe-cc .kt-divider{border-top-width:1px;height:1px;border-top-color:var(--global-palette3, #1A202C);width:100%;border-top-style:solid;}<\/style>\n<div class=\"wp-block-kadence-spacer aligncenter kt-block-spacer-215_39bffe-cc\"><div class=\"kt-block-spacer kt-block-spacer-halign-center\"><hr class=\"kt-divider\"\/><\/div><\/div>\n\n\n\n<p class=\"has-small-font-size\">Dans la peinture de Marine Wallon, le geste se r\u00e9pand.<br><br>Il y a en lui de la s\u00fbret\u00e9, de la nonchalance, de l\u2019h\u00e9sitation et des \u00e9lans. Il recouvre la surface de la toile comme pour englober le monde, lui donner une \u00e9paisseur et une odeur, celle de la peinture, des pigments et des liants. &nbsp;<br>D\u00e9nu\u00e9s de pr\u00e9sence humaine et architecturale, les deux tableaux peints pour l\u2019exposition pr\u00e9sentent de vastes \u00e9tendues possibles. Elles nous font face dans un lointain hypnotique, calmement contenu dans l\u2019\u00e9pure de l\u2019instant \u00e0 venir, paysages sauvages et affam\u00e9s. Le monde qui s\u2019y ouvre est fondamentalement sensoriel. &nbsp;<br>D\u2019un tableau \u00e0 l\u2019autre, on passe du soleil br\u00fblant d\u2019Aden au froid tomb\u00e9 quand la nuit est venue par la mer. C\u2019est une sensation particuli\u00e8rement physique, un d\u00e9passement de l\u2019image : la peinture recouvre les mots, elle mange les silences et les souvenirs, elle les revitalise en profondeur.&nbsp;<br>Min\u00e9rale, solaire, contrainte par des forces qui la d\u00e9chirent, la peinture offre un aspect g\u00e9ologique o\u00f9 le rapport des couleurs et des masses qui s\u2019embrasent semble mu par une v\u00e9ritable tectonique des plaques. <\/p>\n\n\n\n<p class=\"has-text-align-right has-small-font-size\">Beno\u00eet Blanchard &amp; Sarah Mercadante, 2022&nbsp;<\/p>\n<\/div>\n<\/div>\n","protected":false},"excerpt":{"rendered":"<p>Critical texts 2026\u00b7 Paul Ardenne 2025\u00b7 Thomas Delamarre 2024\u00b7 Dominique Pa\u00efni\u00b7 Elsa Hougue 2023\u00b7 Estelle Marois\u00b7 Didier Semin\u00b7 Marie Maertens\u00b7 Marie de Brugerolle &amp; Anne Dary 2022\u00b7 Guy Boyer\u2192 Benoit Blanchard &amp; Sarah Mercadante 2021\u00b7 Jo\u00ebl Riff\u00b7 Conversation\u2014 Jennifer Douzenel \u2014 M. Wallon\u00b7 Horya Makhlouf 2020\u00b7 Lignes Br\u00e8ves 2019\u00b7 Jo\u00ebl Riff\u00b7 Entretien avec Karin Schlageter&#8230;<\/p>\n","protected":false},"author":1,"featured_media":0,"parent":0,"menu_order":0,"comment_status":"closed","ping_status":"closed","template":"","meta":{"_kad_post_transparent":"","_kad_post_title":"","_kad_post_layout":"","_kad_post_sidebar_id":"","_kad_post_content_style":"","_kad_post_vertical_padding":"","_kad_post_feature":"","_kad_post_feature_position":"","_kad_post_header":false,"_kad_post_footer":false,"footnotes":""},"yoast_head":"<!-- This site is optimized with the Yoast SEO plugin v21.6 - https:\/\/yoast.com\/wordpress\/plugins\/seo\/ -->\n<title>Text 2022, Beno\u00eet Blanchard &amp; Sarah Mercadente - MARINE WALLON<\/title>\n<meta name=\"robots\" content=\"index, follow, max-snippet:-1, max-image-preview:large, max-video-preview:-1\" \/>\n<link rel=\"canonical\" href=\"https:\/\/marinewallon.fr\/?page_id=215\" \/>\n<meta property=\"og:locale\" content=\"fr_FR\" \/>\n<meta property=\"og:type\" content=\"article\" \/>\n<meta property=\"og:title\" content=\"Text 2022, Beno\u00eet Blanchard &amp; Sarah Mercadente - MARINE WALLON\" \/>\n<meta property=\"og:description\" content=\"Critical texts 2026\u00b7 Paul Ardenne 2025\u00b7 Thomas Delamarre 2024\u00b7 Dominique Pa\u00efni\u00b7 Elsa Hougue 2023\u00b7 Estelle Marois\u00b7 Didier Semin\u00b7 Marie Maertens\u00b7 Marie de Brugerolle &amp; Anne Dary 2022\u00b7 Guy Boyer\u2192 Benoit Blanchard &amp; Sarah Mercadante 2021\u00b7 Jo\u00ebl Riff\u00b7 Conversation\u2014 Jennifer Douzenel \u2014 M. Wallon\u00b7 Horya Makhlouf 2020\u00b7 Lignes Br\u00e8ves 2019\u00b7 Jo\u00ebl Riff\u00b7 Entretien avec Karin Schlageter...\" \/>\n<meta property=\"og:url\" content=\"https:\/\/marinewallon.fr\/?page_id=215\" \/>\n<meta property=\"og:site_name\" content=\"MARINE WALLON\" \/>\n<meta property=\"article:modified_time\" content=\"2026-03-17T08:51:29+00:00\" \/>\n<meta name=\"twitter:card\" content=\"summary_large_image\" \/>\n<meta name=\"twitter:label1\" content=\"Dur\u00e9e de lecture estim\u00e9e\" \/>\n\t<meta name=\"twitter:data1\" content=\"2 minutes\" \/>\n<script type=\"application\/ld+json\" class=\"yoast-schema-graph\">{\"@context\":\"https:\/\/schema.org\",\"@graph\":[{\"@type\":\"WebPage\",\"@id\":\"https:\/\/marinewallon.fr\/?page_id=215\",\"url\":\"https:\/\/marinewallon.fr\/?page_id=215\",\"name\":\"Text 2022, Beno\u00eet Blanchard & Sarah Mercadente - MARINE WALLON\",\"isPartOf\":{\"@id\":\"https:\/\/marinewallon.fr\/#website\"},\"datePublished\":\"2023-09-12T21:02:07+00:00\",\"dateModified\":\"2026-03-17T08:51:29+00:00\",\"breadcrumb\":{\"@id\":\"https:\/\/marinewallon.fr\/?page_id=215#breadcrumb\"},\"inLanguage\":\"fr-FR\",\"potentialAction\":[{\"@type\":\"ReadAction\",\"target\":[\"https:\/\/marinewallon.fr\/?page_id=215\"]}]},{\"@type\":\"BreadcrumbList\",\"@id\":\"https:\/\/marinewallon.fr\/?page_id=215#breadcrumb\",\"itemListElement\":[{\"@type\":\"ListItem\",\"position\":1,\"name\":\"Accueil\",\"item\":\"https:\/\/marinewallon.fr\/\"},{\"@type\":\"ListItem\",\"position\":2,\"name\":\"Text 2022, Beno\u00eet Blanchard &#038; Sarah Mercadente\"}]},{\"@type\":\"WebSite\",\"@id\":\"https:\/\/marinewallon.fr\/#website\",\"url\":\"https:\/\/marinewallon.fr\/\",\"name\":\"MARINE WALLON\",\"description\":\"\",\"alternateName\":\"marinewallon\",\"potentialAction\":[{\"@type\":\"SearchAction\",\"target\":{\"@type\":\"EntryPoint\",\"urlTemplate\":\"https:\/\/marinewallon.fr\/?s={search_term_string}\"},\"query-input\":\"required name=search_term_string\"}],\"inLanguage\":\"fr-FR\"}]}<\/script>\n<!-- \/ Yoast SEO plugin. -->","yoast_head_json":{"title":"Text 2022, Beno\u00eet Blanchard & Sarah Mercadente - MARINE WALLON","robots":{"index":"index","follow":"follow","max-snippet":"max-snippet:-1","max-image-preview":"max-image-preview:large","max-video-preview":"max-video-preview:-1"},"canonical":"https:\/\/marinewallon.fr\/?page_id=215","og_locale":"fr_FR","og_type":"article","og_title":"Text 2022, Beno\u00eet Blanchard & Sarah Mercadente - MARINE WALLON","og_description":"Critical texts 2026\u00b7 Paul Ardenne 2025\u00b7 Thomas Delamarre 2024\u00b7 Dominique Pa\u00efni\u00b7 Elsa Hougue 2023\u00b7 Estelle Marois\u00b7 Didier Semin\u00b7 Marie Maertens\u00b7 Marie de Brugerolle &amp; Anne Dary 2022\u00b7 Guy Boyer\u2192 Benoit Blanchard &amp; Sarah Mercadante 2021\u00b7 Jo\u00ebl Riff\u00b7 Conversation\u2014 Jennifer Douzenel \u2014 M. Wallon\u00b7 Horya Makhlouf 2020\u00b7 Lignes Br\u00e8ves 2019\u00b7 Jo\u00ebl Riff\u00b7 Entretien avec Karin Schlageter...","og_url":"https:\/\/marinewallon.fr\/?page_id=215","og_site_name":"MARINE WALLON","article_modified_time":"2026-03-17T08:51:29+00:00","twitter_card":"summary_large_image","twitter_misc":{"Dur\u00e9e de lecture estim\u00e9e":"2 minutes"},"schema":{"@context":"https:\/\/schema.org","@graph":[{"@type":"WebPage","@id":"https:\/\/marinewallon.fr\/?page_id=215","url":"https:\/\/marinewallon.fr\/?page_id=215","name":"Text 2022, Beno\u00eet Blanchard & Sarah Mercadente - MARINE WALLON","isPartOf":{"@id":"https:\/\/marinewallon.fr\/#website"},"datePublished":"2023-09-12T21:02:07+00:00","dateModified":"2026-03-17T08:51:29+00:00","breadcrumb":{"@id":"https:\/\/marinewallon.fr\/?page_id=215#breadcrumb"},"inLanguage":"fr-FR","potentialAction":[{"@type":"ReadAction","target":["https:\/\/marinewallon.fr\/?page_id=215"]}]},{"@type":"BreadcrumbList","@id":"https:\/\/marinewallon.fr\/?page_id=215#breadcrumb","itemListElement":[{"@type":"ListItem","position":1,"name":"Accueil","item":"https:\/\/marinewallon.fr\/"},{"@type":"ListItem","position":2,"name":"Text 2022, Beno\u00eet Blanchard &#038; Sarah Mercadente"}]},{"@type":"WebSite","@id":"https:\/\/marinewallon.fr\/#website","url":"https:\/\/marinewallon.fr\/","name":"MARINE WALLON","description":"","alternateName":"marinewallon","potentialAction":[{"@type":"SearchAction","target":{"@type":"EntryPoint","urlTemplate":"https:\/\/marinewallon.fr\/?s={search_term_string}"},"query-input":"required name=search_term_string"}],"inLanguage":"fr-FR"}]}},"_links":{"self":[{"href":"https:\/\/marinewallon.fr\/index.php?rest_route=\/wp\/v2\/pages\/215"}],"collection":[{"href":"https:\/\/marinewallon.fr\/index.php?rest_route=\/wp\/v2\/pages"}],"about":[{"href":"https:\/\/marinewallon.fr\/index.php?rest_route=\/wp\/v2\/types\/page"}],"author":[{"embeddable":true,"href":"https:\/\/marinewallon.fr\/index.php?rest_route=\/wp\/v2\/users\/1"}],"replies":[{"embeddable":true,"href":"https:\/\/marinewallon.fr\/index.php?rest_route=%2Fwp%2Fv2%2Fcomments&post=215"}],"version-history":[{"count":47,"href":"https:\/\/marinewallon.fr\/index.php?rest_route=\/wp\/v2\/pages\/215\/revisions"}],"predecessor-version":[{"id":2401,"href":"https:\/\/marinewallon.fr\/index.php?rest_route=\/wp\/v2\/pages\/215\/revisions\/2401"}],"wp:attachment":[{"href":"https:\/\/marinewallon.fr\/index.php?rest_route=%2Fwp%2Fv2%2Fmedia&parent=215"}],"curies":[{"name":"wp","href":"https:\/\/api.w.org\/{rel}","templated":true}]}}