{"id":232,"date":"2023-09-12T23:15:04","date_gmt":"2023-09-12T21:15:04","guid":{"rendered":"https:\/\/marinewallon.fr\/?page_id=232"},"modified":"2026-03-17T09:51:56","modified_gmt":"2026-03-17T08:51:56","slug":"text-2021-conversation-jennifer-douzenel-marine-wallon","status":"publish","type":"page","link":"https:\/\/marinewallon.fr\/?page_id=232","title":{"rendered":"Text 2021, Conversation Jennifer Douzenel \u2014 Marine Wallon"},"content":{"rendered":"\n<h1 class=\"wp-block-heading\" style=\"font-size:28px\">Critical texts<\/h1>\n\n\n<style>.wp-block-kadence-spacer.kt-block-spacer-232_dcf7e8-14 .kt-block-spacer{height:10px;}.wp-block-kadence-spacer.kt-block-spacer-232_dcf7e8-14 .kt-divider{border-top-width:1px;height:1px;border-top-color:var(--global-palette1, #3182CE);width:80%;border-top-style:solid;}<\/style>\n<div class=\"wp-block-kadence-spacer aligncenter kt-block-spacer-232_dcf7e8-14\"><div class=\"kt-block-spacer kt-block-spacer-halign-center\"><hr class=\"kt-divider\"\/><\/div><\/div>\n\n\n\n<div class=\"wp-block-columns is-layout-flex wp-container-core-columns-is-layout-1 wp-block-columns-is-layout-flex\">\n<div class=\"wp-block-column is-layout-flow wp-block-column-is-layout-flow\" style=\"flex-basis:38%\">\n<p><code>2026<\/code><br>\u00b7 <a href=\"https:\/\/marinewallon.fr\/?page_id=2381\/#go23\">Paul Ardenne<\/a><br><br><code>2025<\/code><br>\u00b7 <a href=\"https:\/\/marinewallon.fr\/?page_id=2181\/#go21\">Thomas Delamarre<\/a><br><br><code>2024<\/code><br>\u00b7 <a href=\"https:\/\/marinewallon.fr\/?page_id=1768\/#go0\">Dominique Pa\u00efni<\/a><br>\u00b7 <a href=\"https:\/\/marinewallon.fr\/?page_id=1773\/#go1\">Elsa Hougue<\/a><br><br><code>2023<\/code><br>\u00b7 <a href=\"https:\/\/marinewallon.fr\/?page_id=1388\/#go19\">Estelle Marois<\/a><br>\u00b7 <a href=\"https:\/\/marinewallon.fr\/?page_id=146\/#go18\">Didier Semin<\/a><br>\u00b7 <a data-type=\"page\" data-id=\"1643\" href=\"https:\/\/marinewallon.fr\/?page_id=1643\/#go20\">Marie Maertens<\/a><br>\u00b7 <a href=\"https:\/\/marinewallon.fr\/?page_id=197\/#go16\">Marie de Brugerolle &amp; Anne Dary<\/a><\/p>\n\n\n\n<p><code>2022<\/code><br>\u00b7 <a href=\"https:\/\/marinewallon.fr\/?page_id=187\/#go17\">Guy Boyer<\/a><br>\u00b7 <a href=\"https:\/\/marinewallon.fr\/?page_id=215\/#go15\">Benoit Blanchard &amp; Sarah Mercadante<\/a><br><br><code>2021<\/code><br>\u00b7 <a data-type=\"page\" data-id=\"230\" href=\"https:\/\/marinewallon.fr\/?page_id=230\/#go14\">Jo\u00ebl Riff<\/a><br><strong><strong>\u2192 <\/strong>Conversation<\/strong><br><a href=\"https:\/\/marinewallon.fr\/?page_id=232\"><\/a><mark style=\"background-color:rgba(0, 0, 0, 0)\" class=\"has-inline-color has-theme-palette-1-color\">\u00b7 \u00b7<\/mark> <strong>Jennifer Douzenel \u2014 Marine Wallon<\/strong><br>\u00b7 <a data-type=\"page\" data-id=\"234\" href=\"https:\/\/marinewallon.fr\/?page_id=234\/#go12\">Horya Makhlouf<\/a><br><br><code>2020<\/code><br>\u00b7 <a data-type=\"page\" data-id=\"236\" href=\"https:\/\/marinewallon.fr\/?page_id=236\/#go11\">Lignes Br\u00e8ves<\/a><br><br><code>2019<\/code><br>\u00b7 <a data-type=\"page\" data-id=\"238\" href=\"https:\/\/marinewallon.fr\/?page_id=238\/#go10\">Jo\u00ebl Riff<\/a><br>\u00b7 <a data-type=\"page\" data-id=\"240\" href=\"https:\/\/marinewallon.fr\/?page_id=240\/#go9\">Entretien avec Karin Schlageter<\/a><br><br><code>2018&nbsp;<\/code><br>\u00b7 <a data-type=\"page\" data-id=\"242\" href=\"https:\/\/marinewallon.fr\/?page_id=242\/#go8\">Sarah Ilher-Meyer<\/a><br>\u00b7 <a data-type=\"page\" data-id=\"244\" href=\"https:\/\/marinewallon.fr\/?page_id=244\/#go7\">Entretien avec Point Contemporain<\/a><br><br><code>2017<\/code><br>\u00b7 <a data-type=\"page\" data-id=\"246\" href=\"https:\/\/marinewallon.fr\/?page_id=246\/#go6\">Anne Collongues<\/a><br>\u00b7 <a data-type=\"page\" data-id=\"248\" href=\"https:\/\/marinewallon.fr\/?page_id=248\/#go5\">Th\u00e9o-Mario Coppola<\/a><br><br><code>2015<\/code><br>\u00b7 <a data-type=\"page\" data-id=\"250\" href=\"https:\/\/marinewallon.fr\/?page_id=250\/#go4\">Marianne Derrien,<br><mark style=\"background-color:rgba(0, 0, 0, 0)\" class=\"has-inline-color has-theme-palette-1-color\">\u2014  <\/mark><em>Le mirage des images<\/em><\/a><br><br><code>2014<\/code><br>\u00b7 <a data-type=\"page\" data-id=\"252\" href=\"https:\/\/marinewallon.fr\/?page_id=252\/#go3\">Marion Delage de Luget,<br><mark style=\"background-color:rgba(0, 0, 0, 0)\" class=\"has-inline-color has-theme-palette-1-color\">\u2014  <\/mark><em>L&rsquo;horizontalit\u00e9 \u00e0 l\u2019\u0153uvre<\/em><\/a><br><br><code>2013&nbsp;<\/code><br>\u00b7 <a data-type=\"page\" data-id=\"254\" href=\"https:\/\/marinewallon.fr\/?page_id=254\/#go2\">Marianne Derrien,<br><mark style=\"background-color:rgba(0, 0, 0, 0)\" class=\"has-inline-color has-theme-palette-1-color\">\u2014  <\/mark><em>Saxifraga Umbrosa<\/em><\/a><br><br><code>2011<\/code><br>\u00b7 <a href=\"https:\/\/marinewallon.fr\/?page_id=256\/#go1b\">Anne Collongues<\/a><\/p>\n<\/div>\n\n\n\n<div class=\"wp-block-column is-layout-flow wp-block-column-is-layout-flow\" style=\"flex-basis:64%\">\n<h2 class=\"wp-block-heading\" id=\"go13\"><\/h2>\n\n\n<style>.wp-block-kadence-spacer.kt-block-spacer-232_b8ff82-18 .kt-block-spacer{height:14px;}.wp-block-kadence-spacer.kt-block-spacer-232_b8ff82-18 .kt-divider{border-top-width:1px;height:1px;border-top-color:var(--global-palette3, #1A202C);width:100%;border-top-style:solid;}<\/style>\n<div class=\"wp-block-kadence-spacer aligncenter kt-block-spacer-232_b8ff82-18\"><div class=\"kt-block-spacer kt-block-spacer-halign-center\"><hr class=\"kt-divider\"\/><\/div><\/div>\n\n\n\n<p class=\"has-small-font-size\"><strong><strong>Conversation \/  Jennifer Douzenel <strong>\u2014<\/strong> Marine Wallon<\/strong><\/strong><sup><br><br><br><\/sup><strong><sup>MW<strong><sup> <\/sup><\/strong><\/sup><strong><sup>\u2022<\/sup><\/strong><sup> <\/sup><\/strong>\u00ab Brasser carr\u00e9 \u00bb ?&nbsp;<br><br><strong><sup>JD<\/sup><strong><strong><strong><sup><strong><sup> <\/sup><\/strong><\/sup><strong><sup>\u2022<\/sup><\/strong><sup> <\/sup><\/strong><\/strong><\/strong><\/strong>Ces deux mots assembl\u00e9s ont un sens \u00e9vident pour les marins. Je l\u2019ai quant \u00e0 moi presque d\u00e9j\u00e0 oubli\u00e9. Mais il y avait quelque chose qui \u00e9tait li\u00e9 au d\u00e9placement et \u00e0 la forme. Pr\u00e9cis\u00e9ment ce que nous faisons, nous, les artistes, tenter de d\u00e9placer le monde avec nos petites formes. Et puis tu as trouv\u00e9 cette chanson\u2026 tu te souviens des paroles ?&nbsp;<br><br><strong><sup>MW<strong><sup> <\/sup><\/strong><\/sup><strong><sup>\u2022<\/sup><\/strong><sup> <\/sup><\/strong>Oui, l\u2019expression vient, je crois, d\u2019un dicton de marin qui dit \u00ab<em> et brassons bien partout carr\u00e9, nous sommes plein vent arri\u00e8re<\/em> \u00bb ; un navire brass\u00e9-carr\u00e9 est donc un navire qui avance au vent arri\u00e8re, avec les vergues perpendiculaires \u00e0 l\u2019axe du bateau, allure calme et portante, synonyme de voyage agr\u00e9able. Et en effet, par la suite, j\u2019\u00e9tais tomb\u00e9e sur une chanson du groupe Tonnerre de Brest qui portait ce titre. \u00ab <em>Quand tu croises l\u2019\u00eele de Groix, le vent debout, qui laisse les hommes \u00e0 genoux, tu fr\u00f4les les cailloux de Ouessant\u2026<\/em> \u00bb quelque chose comme \u00e7a. Un voyage moins tranquille finalement\u2026&nbsp;<br><br><strong><sup>JD <\/sup><\/strong><sup><strong>\u2022<\/strong><\/sup> Les hommes \u00e0 genoux. Merveilleux. En dehors de l\u2019historiette de cette chanson, est-ce que la musique et le son sont d\u00e9terminants pour toi dans la fabrication ? Dis-moi comment cela marche sur toi ?&nbsp;<br><br><strong><sup>MW<\/sup><strong><sup> <\/sup><\/strong><sup><strong>\u2022<\/strong><\/sup> <\/strong>Je ne peins maintenant plus en musique car cela me d\u00e9concentre. En revanche, ce titre me parle beaucoup, il y est question de vent et, depuis plusieurs ann\u00e9es, j\u2019\u00e9coute des enregistrements de bruits de vent pour faire certains passages de peinture. C\u2019est d\u2019ailleurs amusant d\u2019avoir chacune choisi sans se concerter un motif rouge vent\u00e9 pour l\u2019expo : toi un drapeau rouge dans le ciel bleu, moi un coquelicot rouge dans le ciel bleu\u2026 Ce hasard m\u2019a fait penser aux grandes toiles bleues de Mir\u00f3 qui ont pour seuls \u00e9l\u00e9ments un gros point rouge et quelques points noirs\u2026&nbsp;<br><br><strong><sup>JD<strong><sup> <\/sup><\/strong><\/sup><strong><sup>\u2022<\/sup><\/strong><sup> <\/sup><\/strong>Chez lui, fond et forme se confondent\u2026 Il y a de cela aussi chez nous tu crois ?&nbsp;<br><br><strong><sup>MW<strong><sup> <\/sup><\/strong><\/sup><strong><sup>\u2022<\/sup><\/strong><sup> <\/sup><\/strong>Oui je pense que, comme toi, j\u2019aime l\u2019entrem\u00ealement des choses, la sensation de la mont\u00e9e des formes, par un d\u00e9cadrage, un d\u00e9bordement d\u2019un espace sur un autre\u2026 En pensant au brouillage de pistes, je me souviens qu\u2019au d\u00e9but du projet tu avais \u00e9voqu\u00e9 le terme d\u2019<em>azimut<\/em>, car tu aimais la sonorit\u00e9 et la notion d\u2019erreur volontaire. Toi, comment tu l\u2019abordes dans ton travail ?&nbsp;<br><br><strong><sup>JD<strong><sup> <\/sup><\/strong><\/sup><strong><sup>\u2022<\/sup><\/strong><sup> <\/sup><\/strong>Le terme d\u2019<em>erreur<\/em> a une connotation n\u00e9gative \u00e0 laquelle je pr\u00e9f\u00e8re celui de<em> rupture<\/em>. Il y a des ruptures dans le r\u00e9el qui m\u2019interpellent. Toutes ne m\u00e9ritent pas d\u2019\u00eatre enregistr\u00e9es mais elles ont au moins le m\u00e9rite de fonctionner comme r\u00e9v\u00e9lateur. C\u2019est le cas aussi de tes peintures. Il y a \u2014 j\u2019ai envie de dire toujours \u2014 rupture. Tu les provoques dans la composition ou elles \u00e9mergent en peignant ?&nbsp;<br><br><strong><sup>MW<strong><sup> <\/sup><\/strong><\/sup><strong><sup>\u2022<\/sup><\/strong><sup> <\/sup><\/strong>Elles \u00e9mergent surtout en peignant. Je donne une place importante au hasard et j\u2019essaie d\u2019y \u00eatre tr\u00e8s attentive pendant la peinture. J\u2019aime la sensation de peindre comme la nature pousse, caresse, vente les choses qui l\u2019entoure. Souvent dans l\u2019exc\u00e8s quand il y a du vent justement\u2026 Cela d\u00e9forme ainsi le paysage.&nbsp;<br><br><strong><sup>JD<strong><sup> <\/sup><\/strong><\/sup><strong><sup>\u2022<\/sup><\/strong><sup> <\/sup><\/strong>Oui, cela touche au corps\u2026 Alors toi aussi tu es sensible \u00e0 la notion de s\u00e9rendipit\u00e9 ? Je le conjugue. Je s\u00e9rendipe. Voil\u00e0 ce qui m\u2019appara\u00eet comme le c\u0153ur du travail.&nbsp;<br><br><strong><sup>MW<\/sup><strong><strong><sup><strong><sup> <\/sup><\/strong><\/sup><strong><sup>\u2022<\/sup><\/strong><sup> <\/sup><\/strong><\/strong><\/strong>Cela se sent beaucoup devant tes vid\u00e9os. Et en plus du hasard, tu ajoutes aussi du myst\u00e8re. Les notions d\u2019\u00e9tonnement et de pr\u00e9ciosit\u00e9 n\u2019en sont que plus fortes. Mais l\u2019intitul\u00e9 \u00e0 lui seul nous donne envie de voir la suite. Et l\u2019on sait aussi que ce visionnage sera peut-\u00eatre unique et qu\u2019il faudra en profiter comme une vraie exp\u00e9rience. \u00c0 la mani\u00e8re d\u2019un paysage aim\u00e9 qu\u2019on ne reverra jamais plus.&nbsp;<br><br><strong><sup>JD<strong><sup> <\/sup><\/strong><\/sup><strong><sup>\u2022<\/sup><\/strong><sup> <\/sup><\/strong>J\u2019envie aux peintures pourtant l\u2019exemplaire unique. Mon m\u00e9dium porte en lui-m\u00eame la reproductibilit\u00e9 qui, de mon point de vue, le dessert. J\u2019aime la frustration. C\u2019est amoureux de ne pas tout donner. Pour retenir.&nbsp;<br><br><strong><sup>MW<strong><sup> <\/sup><\/strong><\/sup><strong><sup>\u2022<\/sup><\/strong><sup> <\/sup><\/strong>Crois-moi tes vid\u00e9os sont donc bien aussi des peintures ! Je suis toujours frustr\u00e9e en les quittant. Une peinture de paysage qui bouge comme un arbre \u00e9vent\u00e9 au cin\u00e9ma, voil\u00e0 un fantasme que je sais d\u00e9j\u00e0 irr\u00e9alisable. M\u00eame si de grands peintres comme Joan Mitchell, Cha\u00efm Soutine ou Van Gogh s\u2019en sont rapproch\u00e9s\u2026 Ce myst\u00e8re que tu cr\u00e9es autour de tes vid\u00e9os, dans leur apparition, est difficile \u00e0 atteindre en peinture.&nbsp;<br><br><strong><sup>JD<strong><strong><sup> <\/sup><\/strong><\/strong><\/sup><strong><strong><sup>\u2022<\/sup><\/strong><\/strong><sup><strong> <\/strong><\/sup><\/strong>Pourtant je ne me retiens jamais de dire o\u00f9 cela a \u00e9t\u00e9 film\u00e9, ni comment. Mais c\u2019est vrai que cela importe gu\u00e8re. Il faut \u00eatre un peu perdu devant une oeuvre pour qu\u2019elle nous attrape. Tes peintures ont cela. On oscille.&nbsp;<br><br><sup><strong>MW<sup><strong><sup> <\/sup><\/strong><\/sup><strong>\u2022<\/strong><sup> <\/sup><\/strong><\/sup>J\u2019aime l\u2019id\u00e9e que la peinture doit rester une pens\u00e9e sauvage, furieuse, difficile \u00e0 saisir. Comme tes \u00ab miracles \u00bb d\u2019ailleurs\u2026 As-tu d\u00e9j\u00e0 pens\u00e9 retourner voir certains ph\u00e9nom\u00e8nes observ\u00e9s et film\u00e9s comme dans la vid\u00e9o <em>Monarques<\/em> avec les papillons ?<br>&nbsp;<br><strong><sup>JD<\/sup><strong><sup><strong><sup> <\/sup><\/strong><\/sup><strong><sup>\u2022<\/sup><\/strong><sup> <\/sup><\/strong><\/strong>Non. Je quadrille le monde et je n\u2019aurai pas assez le temps d\u2019une vie. En revanche, aller filmer d\u2019autres papillons, ailleurs, oui. Pour filmer il me faut \u00eatre en alerte, ce qui arrive quand je ne connais pas le territoire qui me porte. Same same but different.&nbsp;<br><br><strong><sup>MW<strong><sup> <\/sup><\/strong><\/sup><strong><sup>\u2022<\/sup><\/strong><sup> <\/sup><\/strong>Les pi\u00e8ces choisies pour l\u2019exposition semblent interroger cette g\u00e9ographie imaginaire qui nous anime. J\u2019aime l\u2019id\u00e9e que l\u2019art peut nous faire vivre des vies multiples. Te sens-tu r\u00e9ellement \u00ab partir \u00e0 l\u2019aventure \u00bb ? Car de mon c\u00f4t\u00e9 tu pourrais bient\u00f4t rejoindre le panth\u00e9on des grandes aventuri\u00e8res comme Ella Maillart ou Anita Conti !&nbsp;<br><br><strong><sup>JD<strong><sup> <\/sup><\/strong><\/sup><strong><sup>\u2022<\/sup><\/strong><sup> <\/sup><\/strong>(rires) Pas le moins du monde !! J\u2019ai des histoires \u00e0 raconter pour les d\u00eeners mais je ne traverse pas la Manche \u00e0 la nage, sans bras.&nbsp;<br><br><strong><sup>MW<strong><sup> <\/sup><\/strong><\/sup><strong><sup>\u2022<\/sup><\/strong><sup> <\/sup><\/strong>Non mais tu arpentes, tu traverses, tu bifurques\u2026&nbsp;<br><br><strong><sup>JD<\/sup><strong><sup><strong><sup> <\/sup><\/strong><\/sup><strong><sup>\u2022<\/sup><\/strong><sup> <\/sup><\/strong><\/strong>Avec un GPS dans la poche, on est loin de la machette.&nbsp;<br><br><strong><sup>MW<strong><sup> <\/sup><\/strong><\/sup><strong><sup>\u2022<\/sup><\/strong><sup> <\/sup><\/strong>C\u2019est ce qui marche dans tes vid\u00e9os, pour ma part tout un imaginaire se met en place. Je m\u2019interroge sur ce que tu nous montres, le hors-champ, la suite de ton p\u00e9riple. Normalement je n\u2019aime pas conna\u00eetre l\u2019\u00e0-c\u00f4t\u00e9 d\u2019une cr\u00e9ation mais chez toi je ne peux pas r\u00e9sister. Sans doute parce qu\u2019il me fait r\u00eaver\u2026 Plus dur de partir sur les routes avec la peinture. Un peu oui, trop\u2026 elle se venge !&nbsp;<br><br><strong><sup>JD<strong><sup> <\/sup><\/strong><\/sup><strong><sup>\u2022<\/sup><\/strong><sup> <\/sup><\/strong>\u00c0 l\u2019atelier, tu me montrais les vues que tu vas chercher, et les titres aussi, dans les g\u00e9ographies. C\u2019est aussi un voyage. Y a-t-il des motifs qui reviennent chez toi ? Cela touche-t-il au d\u00e9sir ou bien \u00e0 l\u2019obsession ?&nbsp;<br><br><strong><sup>MW<strong><sup> <\/sup><\/strong><\/sup><strong><sup>\u2022<\/sup><\/strong><sup> <\/sup><\/strong>Je me rends compte qu\u2019il y a le motif d\u2019une forme r\u00e9currente en arabesque qui revient former aussi bien des roches, des arbres, des vagues\u2026 Cette forme arrive souvent toute seule au moment o\u00f9 je ressens un besoin de tordre la peinture. C\u2019est plus du c\u00f4t\u00e9 du d\u00e9sir donc.&nbsp;<br><br><strong><sup>JD<strong><sup> <\/sup><\/strong><\/sup><strong><sup>\u2022<\/sup><\/strong><sup> <\/sup><\/strong>T\u2019arrive-t-il de peindre pour peindre ? Je veux dire peindre pour peindre de la peinture.&nbsp;<br><br><strong><sup>MW<strong><sup> <\/sup><\/strong><\/sup><strong><sup>\u2022<\/sup><\/strong><sup> <\/sup><\/strong>J\u2019esp\u00e8re bien que je ne peins que pour peindre. La seule chose qui m\u2019int\u00e9resse est d\u2019observer les possibilit\u00e9s de choc ou d\u2019harmonie entre la couleur et la mati\u00e8re. Et c\u2019est un long chemin\u2026&nbsp;<br><br><strong><sup>JD<\/sup><strong><sup><strong><sup> <\/sup><\/strong><\/sup><strong><sup>\u2022<\/sup><\/strong><sup> <\/sup><\/strong><\/strong>Au moins une vie ! Te d\u00e9barrasses-tu de toiles ? Pr\u00e9cis\u00e9ment parce qu\u2019elles ne seraient pas peintes pour \u00eatre peintes. Ou pour une autre raison ?&nbsp;<br><br><strong><sup>MW<strong><sup> <\/sup><\/strong><\/sup><strong><sup>\u2022<\/sup><\/strong><sup> <\/sup><\/strong>Bien s\u00fbr. Quand elle n\u2019a pas fait son chemin car il y avait trop d\u2019intention justement ou que la composition ne tenait pas. Mais cela peut prendre du temps pour reconna\u00eetre les toiles qui ne durent pas. Avant, je jetais tr\u00e8s vite et souvent. Maintenant j\u2019attends au moins une ann\u00e9e. Pour continuer sur le temps, quelle dr\u00f4le de co\u00efncidence nos pi\u00e8ces de 2015 sur le mascaret<sup>1<\/sup> ! (en r\u00e9f\u00e9rence \u00e0 la vid\u00e9o <em>Mascaret<\/em> et \u00e0 la peinture <em>Tidal bore<\/em>).&nbsp;<br><br><strong><sup>JD<\/sup><strong><strong><strong> <sup>\u2022<\/sup><\/strong> <\/strong><\/strong><\/strong>Dingo ! Le temps porte les motifs. Comme les peintures de fleurs en ce moment. M\u00eame moi je voudrais en filmer.&nbsp;<br><br><strong><sup>MW<strong><sup> <\/sup><\/strong><\/sup><strong><sup>\u2022<\/sup><\/strong><sup> <\/sup><\/strong>Quelle bonne id\u00e9e. J\u2019ai justement pens\u00e9 \u00e0 la peinture du coquelicot apr\u00e8s avoir revu les vid\u00e9os de fleurs de la vid\u00e9aste exp\u00e9rimentale Rose Lowder\u2026 D\u2019ailleurs, comment penses-tu \u00e0 l\u2019eau dans tes vid\u00e9os ? Car elle est tr\u00e8s pr\u00e9sente chez toi.&nbsp;<br><br><strong><sup>JD<strong><sup> <\/sup><\/strong><\/sup><strong><sup>\u2022<\/sup><\/strong><sup> <\/sup><\/strong>L\u2019eau est un motif captivant qui peut avoir des \u00e9tats diff\u00e9rents. O\u00f9 il n\u2019y a pas d\u2019eau, il n\u2019y a pas d\u2019humain.&nbsp;<br><br><strong><sup>MW<\/sup><strong><sup><strong><sup> <\/sup><\/strong><\/sup><strong><sup>\u2022<\/sup><\/strong><sup> <\/sup><\/strong><\/strong>Justement, quel est le r\u00f4le de la figure humaine dans tes vid\u00e9os ?&nbsp;<br><br><sup><strong>JD<sup><strong><sup> <\/sup><\/strong><\/sup><\/strong><\/sup><strong><strong><sup>\u2022<\/sup><\/strong><\/strong><sup><strong><sup> <\/sup><\/strong><\/sup>Sans figure, on sent la pr\u00e9sence. J\u2019\u00e9carte souvent les figures parce que les images seraient marqu\u00e9es tr\u00e8s vite par le temps, un v\u00eatement, une coiffure, un mod\u00e8le de t\u00e9l\u00e9phone, etc.&nbsp;<br><br><sup><strong>MW<\/strong><\/sup><strong><strong><sup><strong><sup> <\/sup><\/strong><\/sup><strong><sup>\u2022<\/sup><\/strong><sup> <\/sup><\/strong><\/strong>As-tu d\u00e9j\u00e0 film\u00e9 la pluie ? C\u2019est un de mes nouveaux fantasmes de peinture.&nbsp;<br><br><strong><sup>JD<\/sup><strong><sup><strong><sup> <\/sup><\/strong><\/sup><strong><sup>\u2022<\/sup><\/strong><sup> <\/sup><\/strong><\/strong>La pluie ! Je r\u00eave de la gr\u00eale moi\u2026 Oui, il pleut un peu sur <em>Ibuzuki<\/em>. Du moins il pleuvait beaucoup sous mon parapluie. On voit de grosses gouttes qui descendent. Ce sont celles des baleines.&nbsp;<br><br><strong><sup>MW<\/sup><strong><sup><strong><sup> <\/sup><\/strong><\/sup><strong><sup>\u2022<\/sup><\/strong><sup> <\/sup><\/strong><\/strong>Et parfois l\u2019eau est un espace tr\u00e8s modeste chez toi, comme dans les vid\u00e9os <em>C\u00e9ladon<\/em> ou <em>Nature morte<\/em>\u2026 Le fait que tes titres d\u2019exposition viennent souvent de ha\u00efkus rappelle bien ton envie d\u2019\u00e9conomie de moyens qui me parle \u00e9galement pour la peinture. Attends, une seconde, je prends mon carnet pour retrouver une note. Voil\u00e0, j\u2019avais relev\u00e9 cette pens\u00e9e qui fait \u00e9cho \u00e0 notre conversation. Elle vient de \u00ab <em>Propos sur la peinture de moine Citrouille-am\u00e8re, le peintre Shitao<\/em> \u00bb vers 1710 : \u00ab Si l\u2019on ne peint d\u2019un poignet libre, des fautes de peinture s\u2019en suivront et ces fautes \u00e0 leur tour feront perdre au poignet son aisance inspir\u00e9e. Les virages du pinceau doivent \u00eatre enlev\u00e9s d\u2019un mouvement, s\u2019abandonnant au gr\u00e9 de la main, d\u2019un geste on saisira l\u2019apparence des choses comme leur \u00e9lan int\u00e9rieur, on les r\u00e9v\u00e9lera dans leur totalit\u00e9, on les sugg\u00e9rera elliptiquement. \u00bb.&nbsp;<br><br><strong><sup>JD<\/sup><strong><sup><strong><sup> <\/sup><\/strong><\/sup><strong><sup>\u2022<\/sup><\/strong><sup> <\/sup><\/strong><\/strong>Sublime.&nbsp;<br><br><strong><sup>MW<\/sup><strong><sup><strong><sup> <\/sup><\/strong><\/sup><strong><sup>\u2022<\/sup><\/strong><sup> <\/sup><\/strong><\/strong>Cam\u00e9ra, pinceau, m\u00eame combat.&nbsp;<\/p>\n\n\n\n<p class=\"has-text-align-right\" style=\"font-size:15px\">juillet 2021&nbsp;<\/p>\n\n\n\n<h2 class=\"wp-block-heading\" id=\"block-009fe1f0-ad92-4ab3-9bb6-1b64e502e5da\" style=\"font-size:13px\">________<br><sup>1<\/sup> Mascaret : onde d\u2019eau qui remonte un fleuve \u00e0 contre-courant.<\/h2>\n<\/div>\n<\/div>\n","protected":false},"excerpt":{"rendered":"<p>Critical texts 2026\u00b7 Paul Ardenne 2025\u00b7 Thomas Delamarre 2024\u00b7 Dominique Pa\u00efni\u00b7 Elsa Hougue 2023\u00b7 Estelle Marois\u00b7 Didier Semin\u00b7 Marie Maertens\u00b7 Marie de Brugerolle &amp; Anne Dary 2022\u00b7 Guy Boyer\u00b7 Benoit Blanchard &amp; Sarah Mercadante 2021\u00b7 Jo\u00ebl Riff\u2192 Conversation\u00b7 \u00b7 Jennifer Douzenel \u2014 Marine Wallon\u00b7 Horya Makhlouf 2020\u00b7 Lignes Br\u00e8ves 2019\u00b7 Jo\u00ebl Riff\u00b7 Entretien avec Karin&#8230;<\/p>\n","protected":false},"author":1,"featured_media":0,"parent":0,"menu_order":0,"comment_status":"closed","ping_status":"closed","template":"","meta":{"_kad_post_transparent":"","_kad_post_title":"","_kad_post_layout":"","_kad_post_sidebar_id":"","_kad_post_content_style":"","_kad_post_vertical_padding":"","_kad_post_feature":"","_kad_post_feature_position":"","_kad_post_header":false,"_kad_post_footer":false,"footnotes":""},"yoast_head":"<!-- This site is optimized with the Yoast SEO plugin v21.6 - https:\/\/yoast.com\/wordpress\/plugins\/seo\/ -->\n<title>Text 2021, Conversation Jennifer Douzenel \u2014 Marine Wallon - MARINE WALLON<\/title>\n<meta name=\"robots\" content=\"index, follow, max-snippet:-1, max-image-preview:large, max-video-preview:-1\" \/>\n<link rel=\"canonical\" href=\"https:\/\/marinewallon.fr\/?page_id=232\" \/>\n<meta property=\"og:locale\" content=\"fr_FR\" \/>\n<meta property=\"og:type\" content=\"article\" \/>\n<meta property=\"og:title\" content=\"Text 2021, Conversation Jennifer Douzenel \u2014 Marine Wallon - MARINE WALLON\" \/>\n<meta property=\"og:description\" content=\"Critical texts 2026\u00b7 Paul Ardenne 2025\u00b7 Thomas Delamarre 2024\u00b7 Dominique Pa\u00efni\u00b7 Elsa Hougue 2023\u00b7 Estelle Marois\u00b7 Didier Semin\u00b7 Marie Maertens\u00b7 Marie de Brugerolle &amp; Anne Dary 2022\u00b7 Guy Boyer\u00b7 Benoit Blanchard &amp; Sarah Mercadante 2021\u00b7 Jo\u00ebl Riff\u2192 Conversation\u00b7 \u00b7 Jennifer Douzenel \u2014 Marine Wallon\u00b7 Horya Makhlouf 2020\u00b7 Lignes Br\u00e8ves 2019\u00b7 Jo\u00ebl Riff\u00b7 Entretien avec Karin...\" \/>\n<meta property=\"og:url\" content=\"https:\/\/marinewallon.fr\/?page_id=232\" \/>\n<meta property=\"og:site_name\" content=\"MARINE WALLON\" \/>\n<meta property=\"article:modified_time\" content=\"2026-03-17T08:51:56+00:00\" \/>\n<meta name=\"twitter:card\" content=\"summary_large_image\" \/>\n<meta name=\"twitter:label1\" content=\"Dur\u00e9e de lecture estim\u00e9e\" \/>\n\t<meta name=\"twitter:data1\" content=\"9 minutes\" \/>\n<script type=\"application\/ld+json\" class=\"yoast-schema-graph\">{\"@context\":\"https:\/\/schema.org\",\"@graph\":[{\"@type\":\"WebPage\",\"@id\":\"https:\/\/marinewallon.fr\/?page_id=232\",\"url\":\"https:\/\/marinewallon.fr\/?page_id=232\",\"name\":\"Text 2021, Conversation Jennifer Douzenel \u2014 Marine Wallon - MARINE WALLON\",\"isPartOf\":{\"@id\":\"https:\/\/marinewallon.fr\/#website\"},\"datePublished\":\"2023-09-12T21:15:04+00:00\",\"dateModified\":\"2026-03-17T08:51:56+00:00\",\"breadcrumb\":{\"@id\":\"https:\/\/marinewallon.fr\/?page_id=232#breadcrumb\"},\"inLanguage\":\"fr-FR\",\"potentialAction\":[{\"@type\":\"ReadAction\",\"target\":[\"https:\/\/marinewallon.fr\/?page_id=232\"]}]},{\"@type\":\"BreadcrumbList\",\"@id\":\"https:\/\/marinewallon.fr\/?page_id=232#breadcrumb\",\"itemListElement\":[{\"@type\":\"ListItem\",\"position\":1,\"name\":\"Accueil\",\"item\":\"https:\/\/marinewallon.fr\/\"},{\"@type\":\"ListItem\",\"position\":2,\"name\":\"Text 2021, Conversation Jennifer Douzenel \u2014 Marine Wallon\"}]},{\"@type\":\"WebSite\",\"@id\":\"https:\/\/marinewallon.fr\/#website\",\"url\":\"https:\/\/marinewallon.fr\/\",\"name\":\"MARINE WALLON\",\"description\":\"\",\"alternateName\":\"marinewallon\",\"potentialAction\":[{\"@type\":\"SearchAction\",\"target\":{\"@type\":\"EntryPoint\",\"urlTemplate\":\"https:\/\/marinewallon.fr\/?s={search_term_string}\"},\"query-input\":\"required name=search_term_string\"}],\"inLanguage\":\"fr-FR\"}]}<\/script>\n<!-- \/ Yoast SEO plugin. -->","yoast_head_json":{"title":"Text 2021, Conversation Jennifer Douzenel \u2014 Marine Wallon - MARINE WALLON","robots":{"index":"index","follow":"follow","max-snippet":"max-snippet:-1","max-image-preview":"max-image-preview:large","max-video-preview":"max-video-preview:-1"},"canonical":"https:\/\/marinewallon.fr\/?page_id=232","og_locale":"fr_FR","og_type":"article","og_title":"Text 2021, Conversation Jennifer Douzenel \u2014 Marine Wallon - MARINE WALLON","og_description":"Critical texts 2026\u00b7 Paul Ardenne 2025\u00b7 Thomas Delamarre 2024\u00b7 Dominique Pa\u00efni\u00b7 Elsa Hougue 2023\u00b7 Estelle Marois\u00b7 Didier Semin\u00b7 Marie Maertens\u00b7 Marie de Brugerolle &amp; Anne Dary 2022\u00b7 Guy Boyer\u00b7 Benoit Blanchard &amp; Sarah Mercadante 2021\u00b7 Jo\u00ebl Riff\u2192 Conversation\u00b7 \u00b7 Jennifer Douzenel \u2014 Marine Wallon\u00b7 Horya Makhlouf 2020\u00b7 Lignes Br\u00e8ves 2019\u00b7 Jo\u00ebl Riff\u00b7 Entretien avec Karin...","og_url":"https:\/\/marinewallon.fr\/?page_id=232","og_site_name":"MARINE WALLON","article_modified_time":"2026-03-17T08:51:56+00:00","twitter_card":"summary_large_image","twitter_misc":{"Dur\u00e9e de lecture estim\u00e9e":"9 minutes"},"schema":{"@context":"https:\/\/schema.org","@graph":[{"@type":"WebPage","@id":"https:\/\/marinewallon.fr\/?page_id=232","url":"https:\/\/marinewallon.fr\/?page_id=232","name":"Text 2021, Conversation Jennifer Douzenel \u2014 Marine Wallon - MARINE WALLON","isPartOf":{"@id":"https:\/\/marinewallon.fr\/#website"},"datePublished":"2023-09-12T21:15:04+00:00","dateModified":"2026-03-17T08:51:56+00:00","breadcrumb":{"@id":"https:\/\/marinewallon.fr\/?page_id=232#breadcrumb"},"inLanguage":"fr-FR","potentialAction":[{"@type":"ReadAction","target":["https:\/\/marinewallon.fr\/?page_id=232"]}]},{"@type":"BreadcrumbList","@id":"https:\/\/marinewallon.fr\/?page_id=232#breadcrumb","itemListElement":[{"@type":"ListItem","position":1,"name":"Accueil","item":"https:\/\/marinewallon.fr\/"},{"@type":"ListItem","position":2,"name":"Text 2021, Conversation Jennifer Douzenel \u2014 Marine Wallon"}]},{"@type":"WebSite","@id":"https:\/\/marinewallon.fr\/#website","url":"https:\/\/marinewallon.fr\/","name":"MARINE WALLON","description":"","alternateName":"marinewallon","potentialAction":[{"@type":"SearchAction","target":{"@type":"EntryPoint","urlTemplate":"https:\/\/marinewallon.fr\/?s={search_term_string}"},"query-input":"required name=search_term_string"}],"inLanguage":"fr-FR"}]}},"_links":{"self":[{"href":"https:\/\/marinewallon.fr\/index.php?rest_route=\/wp\/v2\/pages\/232"}],"collection":[{"href":"https:\/\/marinewallon.fr\/index.php?rest_route=\/wp\/v2\/pages"}],"about":[{"href":"https:\/\/marinewallon.fr\/index.php?rest_route=\/wp\/v2\/types\/page"}],"author":[{"embeddable":true,"href":"https:\/\/marinewallon.fr\/index.php?rest_route=\/wp\/v2\/users\/1"}],"replies":[{"embeddable":true,"href":"https:\/\/marinewallon.fr\/index.php?rest_route=%2Fwp%2Fv2%2Fcomments&post=232"}],"version-history":[{"count":40,"href":"https:\/\/marinewallon.fr\/index.php?rest_route=\/wp\/v2\/pages\/232\/revisions"}],"predecessor-version":[{"id":2403,"href":"https:\/\/marinewallon.fr\/index.php?rest_route=\/wp\/v2\/pages\/232\/revisions\/2403"}],"wp:attachment":[{"href":"https:\/\/marinewallon.fr\/index.php?rest_route=%2Fwp%2Fv2%2Fmedia&parent=232"}],"curies":[{"name":"wp","href":"https:\/\/api.w.org\/{rel}","templated":true}]}}