{"id":7,"date":"2023-09-11T15:10:58","date_gmt":"2023-09-11T13:10:58","guid":{"rendered":"https:\/\/marinewallon.fr\/?page_id=7"},"modified":"2026-04-02T15:15:36","modified_gmt":"2026-04-02T13:15:36","slug":"marine-wallon","status":"publish","type":"page","link":"https:\/\/marinewallon.fr\/?page_id=7","title":{"rendered":"News"},"content":{"rendered":"\n<h1 class=\"wp-block-heading\" style=\"font-size:28px\">News<\/h1>\n\n\n\n<p>Represented by <br><strong><a data-type=\"link\" data-id=\"https:\/\/www.galerie-issert.com\/artists\/41-marine-wallon\/overview\/\" href=\"https:\/\/www.galerie-issert.com\/artists\/41-marine-wallon\/overview\/\" target=\"_blank\" rel=\"noreferrer noopener\">Galerie Catherine Issert<\/a><\/strong><br>(Saint-Paul-de-Vence, <sup>FR<\/sup>)<br><br><strong>\u2192 <\/strong><a href=\"https:\/\/www.arte.tv\/fr\/videos\/085905-010-A\/marine-wallon\/\" target=\"_blank\" rel=\"noreferrer noopener\">Portrait Arte Creative \/ ADAGP<\/a><br><strong>\u2192 <\/strong><a href=\"https:\/\/www.youtube.com\/watch?v=h7H8RICtCLo&amp;t=1102s)\" target=\"_blank\" rel=\"noreferrer noopener\">Interview Les Apparences<\/a><br><strong>\u2192 <\/strong><a href=\"https:\/\/m.youtube.com\/watch?v=xvnD09uXeDs\" target=\"_blank\" rel=\"noreferrer noopener\">Guy Boyer \u2014 Prix J.-F. Prat 2022<\/a><br><strong>\u2192 <\/strong><a href=\"https:\/\/www.youtube.com\/watch?v=Sxyo6PVS32Y\" target=\"_blank\" rel=\"noreferrer noopener\">Drawing Now Prize<\/a><br><strong>\u2192 <\/strong><a data-type=\"link\" data-id=\"https:\/\/www.youtube.com\/watch?v=vJ9mlj-h9kQ\" href=\"https:\/\/www.youtube.com\/watch?v=vJ9mlj-h9kQ\" target=\"_blank\" rel=\"noreferrer noopener\">Centre d&rsquo;art contemporain \/ Passages<\/a><br><strong>\u2192 <\/strong><a href=\"https:\/\/www.youtube.com\/watch?v=dGAB_O37s28\" target=\"_blank\" rel=\"noreferrer noopener\">Discussion Marine Wallon \u2014 Didier Semin<\/a><br><strong>\u2192 <\/strong><a href=\"https:\/\/www.youtube.com\/watch?v=wmarT2rb2L8\" target=\"_blank\" rel=\"noreferrer noopener\">Solo show RELIEF \u2014 Vid\u00e9o<\/a><\/p>\n\n\n\n<div class=\"wp-block-columns is-layout-flex wp-container-core-columns-is-layout-1 wp-block-columns-is-layout-flex\">\n<div class=\"wp-block-column is-layout-flow wp-block-column-is-layout-flow\" style=\"flex-basis:50%\">\n<p><\/p>\n\n\n\n<p><br><\/p>\n\n\n\n<p>_____<br><code>04.2026<\/code><br><strong>130 ans de la fondation de la R\u00e9union <\/strong><br><strong>des Mus\u00e9es Nationaux<\/strong><br>Chaire d\u2019excellence GrandPalaisRmn Recherche, Cr\u00e9ation &amp; Innovation, <br>confi\u00e9e \u00e0 Agn\u00e8s Callu <br>13 avril 2026<br><em>Table-ronde\u00a0<\/em><br>Pr\u00e9sentation d&rsquo;<em>Isola<\/em>, Chalcographie du Louvre<br><strong>\u2192<\/strong> <a href=\"https:\/\/www.grandpalais.fr\/fr\/programme\/rencontres-130-ans-de-la-reunion-des-musees-nationaux-chaire-grandpalaisrmn\" target=\"_blank\" rel=\"noreferrer noopener\">Lien<\/a><br><br>_____<br><code>04.2026<\/code><br><strong>Art Paris\u00a0<\/strong><br>Galerie Catherine Issert<br>Grand Palais, Paris<br>9 \u2013 12 April 2026<br><strong>\u2192<\/strong> <a href=\"https:\/\/www.artparis.com\/fr\/gallery\/88\" target=\"_blank\" rel=\"noreferrer noopener\">Lien<\/a><\/p>\n\n\n\n<p>_____<br><code>03.2026<\/code><br><strong><strong>JOURN\u00c9E D&rsquo;\u00c9TUDE SUR LA COMMANDE PUBLIQUE D&rsquo;ESTAMPES CONTEMPORAINES&nbsp;<\/strong>&nbsp;<\/strong><br><em>Table-ronde<\/em><br>Mod\u00e9ration&nbsp;: C\u00e9cile&nbsp;Pocheau-Lesteven, conservatrice des biblioth\u00e8ques, charg\u00e9e de l\u2019estampe contemporaine au d\u00e9partement des estampes et de la photographie de la BnF <br>avec Lucile Vanstaevel et Marine Wallon,&nbsp;Io Burgard et l\u2019Atelier Michael Woolworth,&nbsp;Diego&nbsp;Movilla et&nbsp;Marilou&nbsp;Turmeau,&nbsp;Jacques&nbsp;Julien et&nbsp;l\u2019Atelier Coralie&nbsp;Barbe<br>INHA<br>23&nbsp;mars&nbsp;2026 \u2013 9h00-17h00<br><strong>\u2192<\/strong> <a href=\"https:\/\/www.bnf.fr\/fr\/agenda\/regards-croises-sur-la-commande-publique-destampes-contemporaines-depuis-la-fin-des-annees\" target=\"_blank\" rel=\"noreferrer noopener\">Lien<\/a><\/p>\n\n\n\n<p>_____<br><code>03.2026<\/code><br><strong>DRAWING NOW&nbsp;<\/strong><br>Galerie Catherine Issert&nbsp;<br>Carreau du Temple, Paris&nbsp;<br>25 \u2014 29 March 2026<br><strong>\u2192<\/strong> <a href=\"https:\/\/www.drawingnowparis.com\/\" target=\"_blank\" rel=\"noreferrer noopener\">Lien<\/a><\/p>\n\n\n\n<p>_____<br><code>03.2026<\/code><br><strong><strong>TEFAF MAASTRICHT&nbsp;<\/strong>&nbsp;<\/strong><br>Stoppenbach&nbsp;&amp; Delestre<br>12 \u2014 19 March&nbsp;2026<br>Stand 324<br><strong>\u2192<\/strong> <a href=\"https:\/\/www.tefaf.com\/fairs\/tefaf-maastricht\" target=\"_blank\" rel=\"noreferrer noopener\">Lien<\/a><\/p>\n\n\n\n<p>_____<br><code>02.2026<\/code><br><strong><em>Le Sentiment de la Nature. L&rsquo;art contemporain au miroir de Nicolas Poussin<\/em><\/strong><br>Roger Ackling, Robert Barry, Anne-Lise Broyer, Giorgio Andreotta Cal\u00f2, Pier Paolo Calzolari, Christo et Jeanne-Claude, Thomas Demand, Gustave Dor\u00e9, Gaspard Dughet, Latifa Echakhch, Tim Eitel, Ed van der Elsken, Ilse et Pierre Garnier, Nan Goldin, Andreas Gursky, Suzanne Husky, Mimmo Jodice, Pierre Joseph, Ange Leccia, Pierre Lesieur, Charles de Meaux, Fausto Melotti, Mario Merz, Sarah Moon, Giulio Paolini, Claudio Parmiggiani, Bruno Pelassy, Giuseppe Penone, Nicolas Poussin, Anting Qiu, Walter Robinson, Torbj\u00f8rn R\u00f8dland, Anne-Laure Sacriste, Christophe Sarlin, Pierre Thoretton, Pierre-Henri de Valenciennes, Joseph Vernet, Marine Wallon<br>Group show<br>Cur :&nbsp;Guillaume de Sardes<br>Villa Paloma \/ Nouveau Mus\u00e9e National de Monaco<br>13 Feb \u2014 23 May 2026<br><strong>\u2192<\/strong> <a href=\"https:\/\/www.nmnm.mc\/expositions\/le-sentiment-de-la-nature\/\" target=\"_blank\" rel=\"noreferrer noopener\">Lien<\/a><\/p>\n\n\n\n<p>_____<br><code>06.2025<\/code><br><strong><em>La Travers\u00e9e<\/em> <\/strong><br><strong>Maria Tackmann \u2014 Marine Wallon<\/strong><br>Duo show <br>Cur : Thomas Delamarre<br>Maison des arts Georges &amp; Claude Pompidou <br>(MAGCP), Cajarc<br>29 Jun \u2014 2 Nov 2025<br><strong>\u2192<\/strong> <a href=\"https:\/\/www.magcp.fr\/\" target=\"_blank\" rel=\"noreferrer noopener\">Lien<\/a><\/p>\n\n\n\n<p>_____<br><code>05.2025<\/code><br><strong><em>A Form to accommodate&nbsp;The Mess<\/em><\/strong><br>Group show&nbsp;<br>Cur : Corentin Canesson &amp; Mackenzie Stevens<br>Personal Space, Vallejo, California, <sup>US<\/sup><br>25 Jun \u2014 13 July 2025&nbsp;<br>Ethan Assouline,&nbsp;Karen Barbour,&nbsp;H\u00e9l\u00e8ne Baril,&nbsp;Anne Bourse,&nbsp;Camille Girard &amp; Paul Brunet,&nbsp;Corentin Canesson,&nbsp;Sarah Chess,&nbsp;H\u00e9ctor Mu\u00f1oz Guzm\u00e1n,&nbsp;Sarah Holveck,&nbsp;Em Kettner,&nbsp;Boris Kurdi,&nbsp;Florence Taburet,&nbsp;TNHCH,&nbsp;Marine Wallon,&nbsp;Marilyn Wong<br><strong>\u2192<\/strong> <a href=\"https:\/\/personalspace.space\/\" target=\"_blank\" rel=\"noreferrer noopener\">Lien<\/a><\/p>\n\n\n\n<p>_____<br><code>04.2025<\/code><br><strong>Art Paris<\/strong>&nbsp;<br>Galerie Catherine Issert&nbsp;<br>Grand Palais, Paris&nbsp;<br>3 \u2014 6 Apr 2025<br><strong>\u2192<\/strong> <a href=\"https:\/\/www.artparis.com\/fr\/access\" target=\"_blank\" rel=\"noreferrer noopener\">Lien<\/a><\/p>\n\n\n\n<p>_____<br><code>03.2025<\/code><br><strong>DRAWING NOW&nbsp;<\/strong><br>Galerie Catherine Issert&nbsp;<br>Carreau du Temple, Paris&nbsp;<br>27 \u2014 30 March 2025<br><strong>\u2192<\/strong> <a href=\"https:\/\/www.drawingnowparis.com\/en\/\" target=\"_blank\" rel=\"noreferrer noopener\">Lien<\/a><\/p>\n\n\n\n<p>_____<br><code>01.2025<\/code><br><strong>BRAFA Art Fair <\/strong><br><strong>I BRUSSELS EXPO<\/strong><br>STAND 6 Adrien Delestre&nbsp; <br>26 Jan \u2014 2 Feb&nbsp;2025<br><strong>\u2192<\/strong> <a href=\"https:\/\/www.brafa.art\/fr\" target=\"_blank\" rel=\"noreferrer noopener\">Lien<\/a><\/p>\n\n\n\n<p>_____<br><code>12.2024<\/code><br><strong><em>Spinning Away<\/em><\/strong><br>Cin\u00e9 concert et performance <br>avec Corentin Canesson<br>Montage | Damien Le D\u00e9v\u00e9dec <br>Musique | TNHCH&nbsp; <br>Aide performance | N\u00e8le Lavant&nbsp; <br>30 min<br>ADAGP, Paris<br>05 Dec 2024<\/p>\n\n\n\n<p>_____<br><code>09.2024<\/code><br><strong><em><strong><em>Le jour des peintres&nbsp;<\/em><\/strong><\/em><\/strong>&nbsp;<br>Group show&nbsp;<br>Mus\u00e9e d&rsquo;Orsay, Paris<br>19 Sept 2024<br><strong>\u2192<\/strong> <a href=\"https:\/\/www.musee-orsay.fr\/fr\/agenda\/evenements\/le-jour-des-peintres\" target=\"_blank\" rel=\"noreferrer noopener\">Lien<\/a><\/p>\n\n\n\n<p>_____<br><code>06.2024<\/code><br><strong><em>RELIEF<\/em><\/strong>&nbsp;<br>Solo show&nbsp; <br>Galerie Catherine Issert, <br>Saint-Paul-de-Vence <sup>FR<\/sup><br>29 Jun \u2014 31 Aug&nbsp;2024&nbsp;<br><strong>\u2192<\/strong> <a href=\"https:\/\/www.galerie-issert.com\/exhibitions\/50-marine-wallon-relief\/\" target=\"_blank\" rel=\"noreferrer noopener\">Lien<\/a><\/p>\n\n\n\n<p>_____<br><code>11.2023<\/code><br><strong><em>Tasajera&nbsp;<\/em><\/strong>&nbsp;<br>Solo show&nbsp; <br>Stoppenbach &amp; Delestre, <br>London <sup>UK&nbsp;<\/sup><br>02 Nov \u2014 02 Dec&nbsp;2023&nbsp;<br><strong>\u2192<\/strong> <a data-type=\"link\" data-id=\"https:\/\/www.artfrancais.com\/artists\/88-marine-wallon\/\" href=\"https:\/\/www.artfrancais.com\/artists\/88-marine-wallon\/\" target=\"_blank\" rel=\"noreferrer noopener\">Lien<\/a><br><br>_____<br><code>10.2023<\/code><br><strong><em>Voir en Peinture<\/em><\/strong><br>Mus\u00e9e des Beaux-arts de Dole<br>13 Oct 2023 \u2014 3 March 2024&nbsp;<br>Marion Bataillard, Louise Belin, Nadjib Ben Ali, Mireille Blanc, Guillaume Bresson, Elvire Caillon, Ymane Chabi-Gara, Cl\u00e9mentine Chalan\u00e7on, Mathieu Cherkit, Corinne Chotycki, Jean Claracq, Cyril Duret, Valentin Guichaux, Aur\u00e9lie de Heinzelin, Nathanaelle Herbelin, Simon Leroux, Thomas L\u00e9vy-Lasne, J\u00e9r\u00e9my Liron, Cl\u00e9mentine Margheriti, Simon Martin, Eva Nielsen, Ainaz Nosrat, Marius Pons de Vincent, Laurent Proux, Christine Safa, Louise Sartor, Shu Rui, Manon Vargas, Marine Wallon, Miranda Webster&nbsp;<br><strong>\u2192<\/strong> <a data-type=\"link\" data-id=\"https:\/\/www.doledujura.fr\/musee-des-beaux-arts\" href=\"https:\/\/www.doledujura.fr\/musee-des-beaux-arts\" target=\"_blank\" rel=\"noreferrer noopener\">Lien<\/a><br><br>_____<br><code>09.2023<\/code><br><strong><em>La grande songerie<\/em><\/strong><br>Group show&nbsp;<br>Cur : Corentin Canesson et Circuit&nbsp;<br>CIRCUIT Centre d&rsquo;art contemporain, Lausanne <sup>CH<\/sup><br>Jolijn Baeckelandt, H\u00e9l\u00e8ne Baril, Martin Bonnaz, No\u00e9mie Boulon,&nbsp;Corentin&nbsp;Canesson, C\u00e9line Cuvelier, Jacques Duboux, Hilary Galbreaith, Camille Girard et Paul Brunet, Benjamin Husson, H\u00e9l\u00e8ne Janicot, Damien Le D\u00e9v\u00e9dec, Jean-Fran\u00e7ois Maurige, Camila Oliveira Fairclough, Michael Sch\u00e4fer, Nino Svireli\/Fondation d\u2019Ur, TNHCH, Aymeric Tarrade, Sarah Tritz et Marine Wallon<br><strong>\u2192<\/strong> <a data-type=\"link\" data-id=\"https:\/\/circuit.li\/\" href=\"https:\/\/circuit.li\/\" target=\"_blank\" rel=\"noreferrer noopener\">Lien<\/a><br><br>_____<br><code>08.2023<\/code><br><strong><em>L&rsquo;amour Fou<\/em><\/strong>&nbsp;<br>Invitation collective au solo show <br>de Corentin Canesson&nbsp;<br>Maison des arts Georges &amp; Claude Pompidou Maisons Daura, Saint-Cirq-Lapopie&nbsp;<br>18 Jun \u2014 27 Aug 2023&nbsp;<br>en partenariat avec <br>Les Abattoirs, Mus\u00e9e-Frac Occitanie Toulouse&nbsp;avec Avec H\u00e9l\u00e8ne Baril, Corentin Canesson, Edi Dubien, Hilary Galbreaith, Camille Girard et Paul, Brunet, H\u00e9l\u00e8ne Janicot, Damien Le Devedec, Jean-Fran\u00e7ois Maurige, Flora Moscovici, Camila Oliveira Fairclough, Michael Schafer, Sarah Tritz, Marine Wallon.&nbsp;<br><strong>\u2192<\/strong> <a href=\"http:\/\/www.magcp.fr\/\" target=\"_blank\" rel=\"noreferrer noopener\">Lien<\/a>&nbsp;<br><br>_____<br><code>06.2023<\/code><br><strong><em>Voir en peinture<\/em><\/strong>&nbsp;<br>Group show<br>Mus\u00e9e Estrine, <br>Saint-R\u00e9my-de-Provence&nbsp;<br>10 Jun \u2014 17 Sept 2023&nbsp;<br>Commissariat : Anne Dary, Elisa Farran, Ga\u00eblle Rageot-Deshayes&nbsp;<br><strong>\u2192 <\/strong><a href=\"http:\/\/musee-estrine.fr\/\" target=\"_blank\" rel=\"noreferrer noopener\">Lien<\/a><br><br>_____<br><code>04.2023<\/code><br><strong>Art Brussels<\/strong>&nbsp; <br>Galerie Catherine Issert&nbsp;<br>Brussels Expo&nbsp;<br>20 \u2014 23 Apr 2023&nbsp;<br><strong>\u2192<\/strong> <a href=\"https:\/\/www.artbrussels.com\/\" target=\"_blank\" rel=\"noreferrer noopener\">Lien<\/a><code>&nbsp;<\/code><br><br>_____<br><code>03.2023<\/code><br><strong>Art Paris<\/strong>&nbsp;<br>Galerie Catherine Issert&nbsp;<br>Grand Palais \u00c9ph\u00e9m\u00e8re, Paris&nbsp;<br>30 Mar \u2014 2 Apr 2023&nbsp;<br><strong>\u2192 <\/strong><a href=\"https:\/\/www.artparis.com\/\" target=\"_blank\" rel=\"noreferrer noopener\">Lien<\/a><br><br>_____<br><code>03.2023<\/code><br><strong>Prix DRAWING NOW 2023<\/strong> | 16<sup>e<\/sup> \u00e9dition&nbsp;<br>Carreau du Temple, Paris&nbsp;<br>Wed. 22 Mar 2023&nbsp;<br>Mircea Cantor, Suzanne Husky, Keita Mori, Stella Sujin, Jo\u00e3o Vilhena, Marine Wallon<br><strong>\u2192 <\/strong><a href=\"https:\/\/www.drawingnowartfair.com\/evenements\/le-prix-drawing-now\/\" target=\"_blank\" rel=\"noreferrer noopener\">Lien<\/a><br><br>_____<br><code>03.2023<\/code><br><strong>DRAWING NOW ART FAIR<\/strong><br>Galerie Catherine Issert&nbsp;<br>Carreau du Temple, Paris&nbsp;<br>23 \u2014 26 Mar 2023&nbsp;<br><strong>\u2192 <\/strong><a href=\"https:\/\/www.drawingnowartfair.com\/\" target=\"_blank\" rel=\"noreferrer noopener\">Lien<\/a><br><br>_____<br><code>01.2023<\/code><br><strong><em>Plus haut tremble<\/em><\/strong>&nbsp;<br>Solo show<br>Centre d&rsquo;art contemporain \/ Passages, Troyes&nbsp;<br>27 Jan \u2014 1<sup>st <\/sup>Apr 2023<br><strong>\u2192 <\/strong><a href=\"https:\/\/cac-passages.com\/\" target=\"_blank\" rel=\"noreferrer noopener\">Lien<\/a><br><br>_____<br><code>12.2022<\/code><br><strong><em>Collection de dessins<\/em><\/strong>&nbsp;<br>Group show<br>Galerie Catherine Issert, <br>Saint-Paul de Vence&nbsp;<br>17 Dec \u2014 23 Jan 2023&nbsp;<br><strong>\u2192 <\/strong><a href=\"https:\/\/www.galerie-issert.com\/\" target=\"_blank\" rel=\"noreferrer noopener\">Lien<\/a><br><br>_____<br><code>10.2022<\/code><br><strong>Paris <\/strong>+<strong> par Art Basel<\/strong>&nbsp;<br><strong><strong>Stand Ateliers d&rsquo;art de la <\/strong><\/strong><br><strong><strong>RMN\/GP Grand Palais<\/strong><\/strong>&nbsp;<br>Grand Palais Eph\u00e9m\u00e8re, Paris&nbsp;<br>20 \u2014 23 Oct 2022&nbsp;<br>Chalcographie du Louvre&nbsp;<br>Rosanna LEFEUVRE, Annette MESSAGER, Jean-Michel OTHONIEL, Barth\u00e9l\u00e9my TOGUO, <br>Marine WALLON&nbsp;<br><strong>\u2192 <\/strong><a href=\"https:\/\/parisplus.artbasel.com\/\" target=\"_blank\" rel=\"noreferrer noopener\">Lien<\/a><br><br>_____<br><code>05.2022<\/code><br><strong>DRAWING NOW ART FAIR<\/strong>&nbsp;<br>Galerie Catherine Issert&nbsp;<br>Carreau du Temple, Paris&nbsp;<br>19 \u2014 23 May 2022<br>G\u00e9rard TRAQUANDI, Jean-Michel ALBEROLA, Jean-Charles BLAIS, Gautier FERRERO,&nbsp;Xavier THEUNIS, Claude VIALLAT, <br>Marine WALLON, Tatiana WOLSKA&nbsp;<br><strong>\u2192<\/strong> <a href=\"https:\/\/www.drawingnowartfair.com\/\" target=\"_blank\" rel=\"noreferrer noopener\">Lien<\/a><br><br>_____<br><code>05.2022<\/code><br><strong>Laur\u00e9ate ex \u00e6quo du <\/strong><br><strong>11<sup>e<\/sup> Prix Jean-Fran\u00e7ois Prat<\/strong>&nbsp;<br>avec Florian Krewer&nbsp;<br>Fondation Bredin Prat, Paris<br><strong>\u2192<\/strong> <a data-type=\"link\" data-id=\"https:\/\/prixjeanfrancoisprat.com\/artistes-2023\/\" href=\"https:\/\/prixjeanfrancoisprat.com\/artistes-2023\/\" target=\"_blank\" rel=\"noreferrer noopener\">Lien<\/a><br><br>_____<br><code>03.2022<\/code><br><strong><em>We paint. Fondation Prat.<\/em><\/strong>&nbsp;<br>\u00c9cole Nationale Sup\u00e9rieure des Beaux-Arts de Paris&nbsp;<br>24 Mar \u2014 23 Apr 2022<br>Commissariat : Cristiano Raimondi&nbsp;<br>Farah ATASSI, Janis AVOTINS, Zander BLOM, Chlo\u00eb SAI BREIL-DUPONT, Guillaume BRESSON, Sol CALERO, Nicolas CHARDON, Mathieu CHERKIT, Jean CLARACQ, Philippe DECRAUZAT, Stelios FAITAKIS, Jonathan GARDNER, Miryam HADDAD, Kei IMAZU, Florian KREWER, Alexandre LENOIR, Turiya MAGADLELA, Maude MARIS, Landon METZ, <br>Anne NEUKAMP, Gavin PERRY, Toyin OJIH ODUTOLA, Li QING, Rapha\u00eblle RICOL, Nicolas ROGGY, Matt SAUNDERS, Pierre SEINTURIER, Avery SINGER, Patricia TREIB, Soil THORNTON, Lesley Vance, Rezi VAN LANKVELD, Marine WALLON&nbsp;<br><strong>\u2192<\/strong> <a href=\"https:\/\/beauxartsparis.fr\/fr\" target=\"_blank\" rel=\"noreferrer noopener\">Lien<\/a><br><\/p>\n<\/div>\n\n\n\n<div class=\"wp-block-column is-layout-flow wp-block-column-is-layout-flow\"><\/div>\n<\/div>\n\n\n<style>.wp-block-kadence-spacer.kt-block-spacer-7_c5eb87-aa .kt-block-spacer{height:10px;}.wp-block-kadence-spacer.kt-block-spacer-7_c5eb87-aa .kt-divider{border-top-width:1px;height:1px;border-top-color:var(--global-palette1, #3182CE);width:80%;border-top-style:solid;}<\/style>\n<div class=\"wp-block-kadence-spacer aligncenter kt-block-spacer-7_c5eb87-aa\"><div class=\"kt-block-spacer kt-block-spacer-halign-center\"><hr class=\"kt-divider\"\/><\/div><\/div>\n","protected":false},"excerpt":{"rendered":"<p>News Represented by Galerie Catherine Issert(Saint-Paul-de-Vence, FR) \u2192 Portrait Arte Creative \/ ADAGP\u2192 Interview Les Apparences\u2192 Guy Boyer \u2014 Prix J.-F. Prat 2022\u2192 Drawing Now Prize\u2192 Centre d&rsquo;art contemporain \/ Passages\u2192 Discussion Marine Wallon \u2014 Didier Semin\u2192 Solo show RELIEF \u2014 Vid\u00e9o _____04.2026130 ans de la fondation de la R\u00e9union des Mus\u00e9es NationauxChaire d\u2019excellence GrandPalaisRmn&#8230;<\/p>\n","protected":false},"author":1,"featured_media":0,"parent":0,"menu_order":0,"comment_status":"closed","ping_status":"closed","template":"","meta":{"_kad_post_transparent":"","_kad_post_title":"","_kad_post_layout":"","_kad_post_sidebar_id":"","_kad_post_content_style":"","_kad_post_vertical_padding":"","_kad_post_feature":"","_kad_post_feature_position":"","_kad_post_header":false,"_kad_post_footer":false,"footnotes":""},"yoast_head":"<!-- This site is optimized with the Yoast SEO plugin v21.6 - https:\/\/yoast.com\/wordpress\/plugins\/seo\/ -->\n<title>News - MARINE WALLON<\/title>\n<meta name=\"robots\" content=\"index, follow, max-snippet:-1, max-image-preview:large, max-video-preview:-1\" \/>\n<link rel=\"canonical\" href=\"https:\/\/marinewallon.fr\/?page_id=7\" \/>\n<meta property=\"og:locale\" content=\"fr_FR\" \/>\n<meta property=\"og:type\" content=\"article\" \/>\n<meta property=\"og:title\" content=\"News - MARINE WALLON\" \/>\n<meta property=\"og:description\" content=\"News Represented by Galerie Catherine Issert(Saint-Paul-de-Vence, FR) \u2192 Portrait Arte Creative \/ ADAGP\u2192 Interview Les Apparences\u2192 Guy Boyer \u2014 Prix J.-F. Prat 2022\u2192 Drawing Now Prize\u2192 Centre d&rsquo;art contemporain \/ Passages\u2192 Discussion Marine Wallon \u2014 Didier Semin\u2192 Solo show RELIEF \u2014 Vid\u00e9o _____04.2026130 ans de la fondation de la R\u00e9union des Mus\u00e9es NationauxChaire d\u2019excellence GrandPalaisRmn...\" \/>\n<meta property=\"og:url\" content=\"https:\/\/marinewallon.fr\/?page_id=7\" \/>\n<meta property=\"og:site_name\" content=\"MARINE WALLON\" \/>\n<meta property=\"article:modified_time\" content=\"2026-04-02T13:15:36+00:00\" \/>\n<meta name=\"twitter:card\" content=\"summary_large_image\" \/>\n<meta name=\"twitter:label1\" content=\"Dur\u00e9e de lecture estim\u00e9e\" \/>\n\t<meta name=\"twitter:data1\" content=\"6 minutes\" \/>\n<script type=\"application\/ld+json\" class=\"yoast-schema-graph\">{\"@context\":\"https:\/\/schema.org\",\"@graph\":[{\"@type\":\"WebPage\",\"@id\":\"https:\/\/marinewallon.fr\/?page_id=7\",\"url\":\"https:\/\/marinewallon.fr\/?page_id=7\",\"name\":\"News - MARINE WALLON\",\"isPartOf\":{\"@id\":\"https:\/\/marinewallon.fr\/#website\"},\"datePublished\":\"2023-09-11T13:10:58+00:00\",\"dateModified\":\"2026-04-02T13:15:36+00:00\",\"breadcrumb\":{\"@id\":\"https:\/\/marinewallon.fr\/?page_id=7#breadcrumb\"},\"inLanguage\":\"fr-FR\",\"potentialAction\":[{\"@type\":\"ReadAction\",\"target\":[\"https:\/\/marinewallon.fr\/?page_id=7\"]}]},{\"@type\":\"BreadcrumbList\",\"@id\":\"https:\/\/marinewallon.fr\/?page_id=7#breadcrumb\",\"itemListElement\":[{\"@type\":\"ListItem\",\"position\":1,\"name\":\"Accueil\",\"item\":\"https:\/\/marinewallon.fr\/\"},{\"@type\":\"ListItem\",\"position\":2,\"name\":\"News\"}]},{\"@type\":\"WebSite\",\"@id\":\"https:\/\/marinewallon.fr\/#website\",\"url\":\"https:\/\/marinewallon.fr\/\",\"name\":\"MARINE WALLON\",\"description\":\"\",\"alternateName\":\"marinewallon\",\"potentialAction\":[{\"@type\":\"SearchAction\",\"target\":{\"@type\":\"EntryPoint\",\"urlTemplate\":\"https:\/\/marinewallon.fr\/?s={search_term_string}\"},\"query-input\":\"required name=search_term_string\"}],\"inLanguage\":\"fr-FR\"}]}<\/script>\n<!-- \/ Yoast SEO plugin. -->","yoast_head_json":{"title":"News - MARINE WALLON","robots":{"index":"index","follow":"follow","max-snippet":"max-snippet:-1","max-image-preview":"max-image-preview:large","max-video-preview":"max-video-preview:-1"},"canonical":"https:\/\/marinewallon.fr\/?page_id=7","og_locale":"fr_FR","og_type":"article","og_title":"News - MARINE WALLON","og_description":"News Represented by Galerie Catherine Issert(Saint-Paul-de-Vence, FR) \u2192 Portrait Arte Creative \/ ADAGP\u2192 Interview Les Apparences\u2192 Guy Boyer \u2014 Prix J.-F. Prat 2022\u2192 Drawing Now Prize\u2192 Centre d&rsquo;art contemporain \/ Passages\u2192 Discussion Marine Wallon \u2014 Didier Semin\u2192 Solo show RELIEF \u2014 Vid\u00e9o _____04.2026130 ans de la fondation de la R\u00e9union des Mus\u00e9es NationauxChaire d\u2019excellence GrandPalaisRmn...","og_url":"https:\/\/marinewallon.fr\/?page_id=7","og_site_name":"MARINE WALLON","article_modified_time":"2026-04-02T13:15:36+00:00","twitter_card":"summary_large_image","twitter_misc":{"Dur\u00e9e de lecture estim\u00e9e":"6 minutes"},"schema":{"@context":"https:\/\/schema.org","@graph":[{"@type":"WebPage","@id":"https:\/\/marinewallon.fr\/?page_id=7","url":"https:\/\/marinewallon.fr\/?page_id=7","name":"News - MARINE WALLON","isPartOf":{"@id":"https:\/\/marinewallon.fr\/#website"},"datePublished":"2023-09-11T13:10:58+00:00","dateModified":"2026-04-02T13:15:36+00:00","breadcrumb":{"@id":"https:\/\/marinewallon.fr\/?page_id=7#breadcrumb"},"inLanguage":"fr-FR","potentialAction":[{"@type":"ReadAction","target":["https:\/\/marinewallon.fr\/?page_id=7"]}]},{"@type":"BreadcrumbList","@id":"https:\/\/marinewallon.fr\/?page_id=7#breadcrumb","itemListElement":[{"@type":"ListItem","position":1,"name":"Accueil","item":"https:\/\/marinewallon.fr\/"},{"@type":"ListItem","position":2,"name":"News"}]},{"@type":"WebSite","@id":"https:\/\/marinewallon.fr\/#website","url":"https:\/\/marinewallon.fr\/","name":"MARINE WALLON","description":"","alternateName":"marinewallon","potentialAction":[{"@type":"SearchAction","target":{"@type":"EntryPoint","urlTemplate":"https:\/\/marinewallon.fr\/?s={search_term_string}"},"query-input":"required name=search_term_string"}],"inLanguage":"fr-FR"}]}},"_links":{"self":[{"href":"https:\/\/marinewallon.fr\/index.php?rest_route=\/wp\/v2\/pages\/7"}],"collection":[{"href":"https:\/\/marinewallon.fr\/index.php?rest_route=\/wp\/v2\/pages"}],"about":[{"href":"https:\/\/marinewallon.fr\/index.php?rest_route=\/wp\/v2\/types\/page"}],"author":[{"embeddable":true,"href":"https:\/\/marinewallon.fr\/index.php?rest_route=\/wp\/v2\/users\/1"}],"replies":[{"embeddable":true,"href":"https:\/\/marinewallon.fr\/index.php?rest_route=%2Fwp%2Fv2%2Fcomments&post=7"}],"version-history":[{"count":114,"href":"https:\/\/marinewallon.fr\/index.php?rest_route=\/wp\/v2\/pages\/7\/revisions"}],"predecessor-version":[{"id":2428,"href":"https:\/\/marinewallon.fr\/index.php?rest_route=\/wp\/v2\/pages\/7\/revisions\/2428"}],"wp:attachment":[{"href":"https:\/\/marinewallon.fr\/index.php?rest_route=%2Fwp%2Fv2%2Fmedia&parent=7"}],"curies":[{"name":"wp","href":"https:\/\/api.w.org\/{rel}","templated":true}]}}