{"id":945,"date":"2023-10-25T11:03:32","date_gmt":"2023-10-25T09:03:32","guid":{"rendered":"https:\/\/marinewallon.fr\/?page_id=945"},"modified":"2026-03-05T15:29:45","modified_gmt":"2026-03-05T14:29:45","slug":"biography-2","status":"publish","type":"page","link":"https:\/\/marinewallon.fr\/?page_id=945","title":{"rendered":"Biography"},"content":{"rendered":"\n<h1 class=\"wp-block-heading\" style=\"font-size:28px\">Biography<\/h1>\n\n\n\n<p class=\"has-small-font-size\">Born in 1985 in Paris. &nbsp;<br>Lives and works in Paris.&nbsp;&nbsp;<br><br>Represented by&nbsp;<br><strong><a href=\"https:\/\/www.galerie-issert.com\/\" target=\"_blank\" rel=\"noreferrer noopener\">Galerie Catherine Issert<\/a> <\/strong>&nbsp;<br>(Saint-Paul-de-Vence, <sup>FR<\/sup>)&nbsp;<\/p>\n\n\n\n<div class=\"wp-block-columns is-layout-flex wp-container-core-columns-is-layout-1 wp-block-columns-is-layout-flex\">\n<div class=\"wp-block-column is-layout-flow wp-block-column-is-layout-flow\">\n<p>Marine Wallon graduated from the Beaux-Arts in Paris in 2009. <br>Her work has been featured in solo and group exhibitions in galleries in Saint-Paul-de-Vence (Galerie Catherine Issert), London (Stoppenbach &amp; Delestre), Paris (Under Construction Gallery); in public institutions (Paris, Mus\u00e9e d\u2019Orsay; Les Sables d\u2019Olonne, MASC \u2013 Mus\u00e9e d\u2019art moderne et contemporain ; Saint-R\u00e9my-de-Provence, Mus\u00e9e Estrine; Dole, Mus\u00e9e des Beaux-Arts ; Vitry-sur-Seine, Mac Val \u2013 Mus\u00e9e d\u2019Art contemporain du Val-de-Marne); in art centres (Annecy, Le Point Commun; B\u00fcdelsdorf, Kunstwerk Carlsh\u00fctte; Troyes, Passages; Lyon, Monop\u00f4le x La Salle de Bains; Cajarc, Maison des Arts Georges et Claude Pompidou); in private institutions (Monaco, Villa Paloma \u2013 Nouveau Mus\u00e9e National de Monaco) and is part of several public and private collections (Mus\u00e9e du Louvre \u2013 Chalcographie; Fondation Colas; Ville de Vitry-sur-Seine, Mac Val; Artoth\u00e8que d\u2019Annecy; Fonds Moly-Sabata; Soci\u00e9t\u00e9 G\u00e9n\u00e9rale collection).<br>In 2022, Marine Wallon won the 11<sup>th<\/sup> Jean-Fran\u00e7ois Prat prize, chaired by Patrizia Sandretto<br>Re Rebaudengo. Other prizes include the Fondation Colas Prize (2020), the Moly-Sabata<br>Prize at the 64<sup>th<\/sup> Salon de Montrouge (2019), the 3<sup>rd<\/sup> Antoine Marin prize (22<sup>nd<\/sup> edition, 2018), the Novembre \u00e0 Vitry International Painting Prize (2017), the SMFA Boston Print and Paper prize, and a Colin-Lefranc scholarship that enabled her to study at the School of the Museum of Fine Arts in Boston (2008).<br>In 2022, she created a colour engraving in the Louvre Museum\u2019s chalcography workshop,<br>commissioned by the R\u00e9union des Mus\u00e9es Nationaux \u2013 Grand Palais.<br>In 2023, she was nominated for the 12<sup>th<\/sup> Drawing Now prize.<br><\/p>\n<\/div>\n<\/div>\n\n\n<style>.wp-block-kadence-spacer.kt-block-spacer-945_81c214-2f .kt-block-spacer{height:15px;}.wp-block-kadence-spacer.kt-block-spacer-945_81c214-2f .kt-divider{border-top-width:1px;height:1px;border-top-color:var(--global-palette1, #3182CE);width:80%;border-top-style:solid;}<\/style>\n<div class=\"wp-block-kadence-spacer aligncenter kt-block-spacer-945_81c214-2f\"><div class=\"kt-block-spacer kt-block-spacer-halign-center\"><hr class=\"kt-divider\"\/><\/div><\/div>\n\n\n\n<p style=\"font-size:15px\"><strong>Solo exhibitions<\/strong><\/p>\n\n\n<style>.wp-block-kadence-spacer.kt-block-spacer-945_499b4c-62 .kt-block-spacer{height:30px;}.wp-block-kadence-spacer.kt-block-spacer-945_499b4c-62 .kt-divider{border-top-width:1px;height:1px;border-top-color:var(--global-palette4, #2D3748);width:10%;border-top-style:solid;}<\/style>\n<div class=\"wp-block-kadence-spacer aligncenter kt-block-spacer-945_499b4c-62\"><div class=\"kt-block-spacer kt-block-spacer-halign-left\"><hr class=\"kt-divider\"\/><\/div><\/div>\n\n\n\n<p class=\"has-text-align-left\" style=\"font-size:12px\"><code>2026-27<\/code> <br>\u00b7 <em><em>\u00e0 venir   <\/em><\/em><br>Exposition monographique, cur : Anne Dary, Mus\u00e9e Estrine &amp; Mus\u00e9e de l&rsquo;Abbaye<br><code>2025<\/code> <br>\u00b7 <em><em>La Travers\u00e9e, <\/em><\/em>Maria Tackmann-Marine Wallon, cur : T. Delamarre. Maison des arts Georges &amp; Claude Pompidou (MAGCP), Cajarc <br><code>2024&nbsp;<\/code><br>\u00b7 <em>RELIEF<\/em>, Galerie Catherine Issert, Saint-Paul-de-Vence<br><code>2023<\/code>&nbsp;<br>\u00b7 <em>Tasajera<\/em>, Stoppenbach &amp; Delestre, London <sup>UK<\/sup> <br>\u00b7 <em>Plus haut tremble<\/em>, Centre d&rsquo;art contemporain \/ Passages, Troyes&nbsp; <br><code>2021&nbsp;<\/code><br>\u00b7 <em>Purple Lime<\/em>, Stoppenbach &amp; Delestre, London <sup>UK<\/sup>&nbsp;<br>\u00b7 <em>Brasser carr\u00e9, Jennifer Douzenel<\/em> \u2014 <em>Marine Wallon<\/em>, Galerie Catherine Issert, Saint-Paul-de-Vence<br><code>2019<\/code>&nbsp;<br>\u00b7 <em>Discordance de la courbe<\/em>, centre d&rsquo;art Le Point Commun, Annecy&nbsp;<br><code>2018&nbsp;<\/code><br>\u00b7 <em>Les variations graduelles<\/em>, Under Construction Gallery, Paris&nbsp;<br>\u00b7 <em>Daniel Mato \u2014 Marine Wallon<\/em>, Laur\u00e9ats du Prix international de peinture Novembre \u00e0 Vitry, <br>Galerie Jean-Collet, Vitry-sur-Seine<br><code>2015<\/code>&nbsp;<br>\u00b7 <em>Hey, cut !<\/em>, Under Construction Gallery, Paris<br><code>2013&nbsp;<\/code><br>\u00b7 <em>Mireille Blanc \u2014 Marine Wallon<\/em>, Chamalot R\u00e9sidence d&rsquo;artistes, Haute-Corr\u00e8ze<br><code>2008&nbsp;<\/code><br>\u00b7 <em>Entre chien et loup<\/em>, ENSBA Paris<\/p>\n\n\n\n<p style=\"font-size:15px\"><strong>Group exhibitions<\/strong><\/p>\n\n\n<style>.wp-block-kadence-spacer.kt-block-spacer-945_65ada5-46 .kt-block-spacer{height:30px;}.wp-block-kadence-spacer.kt-block-spacer-945_65ada5-46 .kt-divider{border-top-width:1px;height:1px;border-top-color:var(--global-palette4, #2D3748);width:10%;border-top-style:solid;}<\/style>\n<div class=\"wp-block-kadence-spacer aligncenter kt-block-spacer-945_65ada5-46\"><div class=\"kt-block-spacer kt-block-spacer-halign-left\"><hr class=\"kt-divider\"\/><\/div><\/div>\n\n\n\n<p style=\"font-size:12px\"><code>2026<\/code><br>\u00b7 <em>Le Sentiment de la Nature. L\u2019art contemporain au miroir de Nicolas Poussin,<\/em> cur :&nbsp;Guillaume de Sardes,&nbsp;Villa Paloma \/ Nouveau Mus\u00e9e National de Monaco<sup> MO<\/sup><br><code>2025<\/code><br>\u00b7 <em><em>50 ans<\/em>, <\/em>Galerie Catherine Issert, Saint-Paul-de-Vence<br>\u00b7 <em>A Form to accommodate&nbsp;The Mess<\/em>, cur : C. Canesson &amp;&nbsp;M.&nbsp;Stevens, Personal Space, Vallejo, <sup>US<\/sup><br>\u00b7 Drawing Now, Galerie Catherine Issert, Le Carreau du Temple, Paris<br><code>2024<\/code><br>\u00b7 <em>Projection Spinning Away#2,&nbsp;<\/em>experimental film with Corentin Canesson, ADAGP, Paris<br>\u00b7 <em>Le jour des peintres<\/em>, Mus\u00e9e d&rsquo;Orsay, Paris<br>\u00b7 <em><em>Projection Spinning Away#1<\/em>, <\/em>experimental film with Corentin Canesson, MAGCP, Cajarc<br>\u00b7 <em>No place tour<\/em>, Arroniz Gallery, Mexico<br>\u00b7 Art Paris Art Fair, Galerie Catherine Issert, Grand Palais \u00c9ph\u00e9m\u00e8re, Paris<br>\u00b7 Drawing Now Art Fair, Galerie Catherine Issert, Le Carreau du Temple, Paris<br>\u00b7 <em>Next One is Real<\/em>, cur : Corentin Canesson, La Salle de bains x Monopole, Lyon<br><code>2023<\/code><strong>&nbsp;<\/strong><br>\u00b7 <em>Voir en peinture<\/em>,&nbsp;cur : Anne Dary,&nbsp;Mus\u00e9e des Beaux-arts de Dole<br>\u00b7 <em>La grande songerie<\/em>, cur :&nbsp;Corentin Canesson et Circuit, CIRCUIT centre d&rsquo;art contemporain, Lausanne <sup>CH<\/sup>&nbsp;<br>\u00b7 <em>L&rsquo;amour fou<\/em>, invitation collective de Corentin Canesson, Maison des arts Georges et Claude Pompidou, Saint-Cirq-Lapopie&nbsp;<br>\u00b7 <em>Voir en peinture<\/em>, cur : Anne Dary, Mus\u00e9e Estrine, Saint-R\u00e9my-de-Provence<br>\u00b7 Art Brussels, Galerie Catherine Issert, Brussels Expo, Bruxelles <sup>BE<\/sup><br>\u00b7 Art Paris Art Fair, Galerie Catherine Issert, Grand Palais \u00c9ph\u00e9m\u00e8re, Paris<br>\u00b7 Drawing Now Art Fair (Focus), Galerie Catherine Issert, Le Carreau du Temple, Paris&nbsp;<br>\u00b7 <em>Voir en peinture<\/em><a href=\"cur: Anne Dary,\">,<\/a> cur : Anne Dary, MASC&nbsp;\u2014&nbsp;Mus\u00e9e d&rsquo;art moderne et contemporain des Sables d&rsquo;Olonne<br>\u00b7 <em>Figurations, <\/em>cur : Guy Boyer, Maison Caillebotte, Yerres<br><code>2022&nbsp;<\/code><br>\u00b7 <em>Collection de dessins<\/em>, Galerie Catherine Issert, Saint-Paul-de-Vence&nbsp;<br>\u00b7 Paris+ par Art Basel, R\u00e9union des Mus\u00e9es Nationaux\/Grand Palais, Grand Palais Eph\u00e9m\u00e8re, Paris&nbsp;<br>\u00b7 11<sup>e<\/sup> Prix Jean-Fran\u00e7ois Prat, Fondation Bredin-Prat, Paris<br>\u00b7 <em>We Paint<\/em> !, Laur\u00e9ats de la Fondation Prat, Beaux-arts de Paris<br>\u00b7 <em>Peintures d&rsquo;apr\u00e8s&#8230; ?<\/em>, cur: Romain Mathieu, un projet Cit\u00e9 du Design ESADSE, Saint-Etienne &nbsp;<br>\u00b7 <em>Fant\u00f4me #3<\/em>, cur : Sarah Mercadante &amp; Beno\u00eet Blanchard, Maison des Ailleurs, Charleville-M\u00e9zi\u00e8res&nbsp;<br><code>2021<\/code><br>\u00b7 Artmonte-Carlo<em>, <\/em>Galerie Catherine Issert, Grimaldi Forum, Monaco <sup>MC&nbsp;<\/sup><br><em>\u00b7 Figures<\/em>, Galerie Catherine Issert, Saint-Paul-de-Vence&nbsp;<br><em>\u00b7 Les Apparences<\/em>, \u00c0 cent m\u00e8tres du centre du monde, Perpignan&nbsp;<br>\u00b7 Drawing Now Art Fair, Galerie Catherine Issert, Paris&nbsp;<br><em>\u00b7 Happy together \/ Collection Gilles Balmet<\/em>, Pavillon Carr\u00e9 de Baudouin, Paris&nbsp;<br>\u00b7 FIAC Online Viewing rooms, Galerie Catherine Issert&nbsp;<br><code>2020<\/code>&nbsp;<br>\u00b7 Fondation Colas 2020&nbsp;<br>\u00b7 Drawing Now Art Fair, Galerie Catherine Issert, Carreau du Temple, Paris&nbsp;<br>\u00b7 <em>Lignes br\u00e8ves<\/em>, Galerie Catherine Issert, Saint-Paul-de-Vence&nbsp;<br><em>\u00b7 10 ans<\/em>, centre d&rsquo;art Le Point Commun, Annecy&nbsp;<br><code>2019<\/code>&nbsp;<br>\u00b7 <em>Storytelling, <\/em>Stoppenbach &amp; Delestre, London <sup>UK&nbsp;<\/sup>&nbsp;<br>\u00b7 Vente aux ench\u00e8res du 64<sup>e<\/sup> Salon de Montrouge, Beffroi de Montrouge&nbsp;<br>\u00b7 <em>Novembre \u00e0 Vitry \/ 50 ans<\/em>, Galerie Jean-Collet, Vitry-sur-Seine&nbsp;<br>\u00b7 <em>Some of us<\/em>, Nordart 2019, cur: J. Cotinet-Alphaize &amp; M. Derrien \/ Kunstwerk Carlh\u00fctte, B\u00fcdelsdorf <sup>DE<\/sup><br>\u00b7 64<sup>e<\/sup> Salon de Montrouge, cur: Ami Barack et Marie Gautier, Beffroi de Montrouge&nbsp;<br><code>2018<\/code><br>\u00b7 <em>Christmas Party # 4<\/em>, UC Gallery, Paris&nbsp;<br>\u00b7 <em>La Petite Collection<\/em>, Galerie Bertrand Grimont, Paris&nbsp;<br>\u00b7 <em>Op\u00e9ra d&rsquo;hiver<\/em>, Wonder\/Liebert, Bagnolet&nbsp;<br>\u00b7 <em>Bienvenue art fair<\/em>, UC Gallery, Cit\u00e9 internationale des arts, Paris \u2012 Prix Marin&nbsp;<br>\u00b7 <em>22<sup>e<\/sup> Prix Antoine Marin<\/em>, Galerie Julio Gonzalez, Arcueil&nbsp;<br>\u00b7 <em>Rock on paper<\/em>, UC Gallery, Paris&nbsp;<br>\u00b7 <em>Le soleil se l\u00e8vera demain<\/em>, cur : Marianne Derrien, Wonder\/Liebert, Bagnolet&nbsp;<br><code>2017<\/code><br>\u00b7 <em>Novembre \u00e0 Vitry<\/em>, Galerie Jean-Collet, Vitry-sur-Seine&nbsp;<br>\u00b7 <em>Tell Tales Signs<\/em>, Galerie Simon Cau &amp; Progress Gallery, Paris&nbsp;<br>\u00b7 <em>Sessions # 6<\/em>, Galerie Paris-Beijing, Paris&nbsp;<br>\u00b7 Exposition collective \u00e0 la Payne Whitney Mansion \/ Services culturels de l&rsquo;Ambassade de France<br>\u00b7 <em>10 ans de r\u00e9sidences<\/em>, Chamalot R\u00e9sidence d&rsquo;artistes<br>\u00b7 D\u00e9doublement(s), Under Construction Gallery, Paris&nbsp;<br><em>\u00b7 In mysterious ways<\/em>, Under Construction Gallery, Paris<br><code>2015<\/code><br>\u00b7 <em>Christmas Party#01- biblioth\u0113ca, <\/em>cur : Aur\u00e9lie Faure aka Katarina Stella, Under Contruction Gallery, Paris&nbsp;<br>\u00b7 Early Work Meets Appartement, cur : Timoth\u00e9e Chaillou, hospitalit\u00e9 Nathalie Miltat, Appartement, Paris&nbsp;<br>\u00b7 Slick Art fair, Under Construction Gallery, Paris&nbsp;<br>\u00b7 <em>A distance convenable<\/em>, cur : Point Contemporain, Under Construction Gallery, Paris&nbsp;<br><code>2014<\/code><br>\u00b7 <em>The Illusion of Life<\/em>, Manoir de Soisay, Parc R\u00e9gional du Perche&nbsp;<br>\u00b7 <em>Saxifraga Umbrosa II<\/em>, cur: Marianne Derrien, Futur II &#8211; La G\u00e9n\u00e9rale en Manufacture, S\u00e8vres&nbsp;<br>\u00b7 <em>Pense-b\u00eates. Collection#1<\/em>, cur: Sandra Aubry &amp; S\u00e9bastien Bourg, Galerie de Roussan, Paris&nbsp;<br>\u00b7 <em>Vendanges de printemps<\/em>, Chamalot R\u00e9sidence d&rsquo;artistes, Haute-Corr\u00e8ze&nbsp;<br>\u00b7 Lancement de <em>La belle revue<\/em>, avec In Extenso, Mac\/Val, Vitry-sur-Seine&nbsp;<br>\u00b7 <em>Inaugurons avec faste un bocal \u00e0 poisson rouge<\/em>, cur: M. Delage de Luget, Kurt-forever, Paris&nbsp;<br>\u00b7 <em>Bricke<\/em>, avec La Belle revue-In Extenso, Mac\/Val, Vitry-sur-Seine&nbsp;<br><code>2013<\/code><br>\u00b7 Lancement de l&rsquo;\u00e9dition <em>Saxifraga Umbrosa<\/em>, d\u00fco, Paris&nbsp;<br>\u00b7 <em>Saxifraga Umbrosa<\/em>, cur: Marianne Derrien, Espace Lhomond, Paris&nbsp;<br><code>2012<\/code><br>\u00b7 <em>Cos\u00ec fan tutti<\/em>, intervention sauvage au Palais de Tokyo, une proposition de B\u00e9reng\u00e8re H\u00e9nin en collaboration avec Make\/Shift, Paris&nbsp;<br><code>2011<\/code>&nbsp;<br>\u00b7 <em>Novembre \u00e0 Vitry, <\/em>Galerie Municipale Jean-Collet, Vitry\/Seine&nbsp;<br>\u00b7 <em>La carte<\/em>, Le 6B, Saint-Denis&nbsp;<br>\u00b7 <em>Le Pilonnage de l&rsquo;Interrogatoire<\/em>, H\u00f4tel de Sauroy, Paris<br><code>2010<\/code>&nbsp;<br>\u00b7 <em>Salon de Mai<\/em>, Espace Commines, Paris&nbsp;<br>\u00b7 <em>M\u00e9mory<\/em>, Anis Gras, Arcueil&nbsp;<br>\u00b7 <em>Pens\u00e9es d\u00e9tach\u00e9es<\/em>, Biblioth\u00e8que Nationale de France, Paris&nbsp;<br>\u00b7 Co-commissariat de l\u2019exposition<em> Laboratoire01<\/em>, Artistes-commissaires, Anis Gras, Arcueil&nbsp;<br><code>2009<\/code>&nbsp;<br>\u00b7 <em>L&rsquo;\u00c9lan Cr\u00e9atif<\/em>, cur: Didier Semin, Galerie Plume, Paris&nbsp;<br>\u00b7 <em>Viva Mexico !<\/em>, ENSBA, Paris&nbsp;<br>\u00b7 <em>Slick dessin<\/em>, Espace Richelieu, Paris&nbsp;<br>\u00b7 <em>Champ libre<\/em>, Galerie Plume, Paris&nbsp;<br><code>2008<\/code>&nbsp;<br>\u00b7 <em>Les oubli\u00e9(e)s<\/em>, with Mireille Blanc et Rebecca Everard, ENSBA, Paris&nbsp;<br>\u00b7 <em>Event Horizon<\/em>, SMFA of Boston <sup>US<\/sup>&nbsp;<br><code>2007<\/code>&nbsp;<br>\u00b7 <em>Visites dessin\u00e9es<\/em>, Mus\u00e9e des Arts et M\u00e9tiers, Paris<\/p>\n\n\n\n<p style=\"font-size:15px\"><strong>Residencies<\/strong><\/p>\n\n\n<style>.wp-block-kadence-spacer.kt-block-spacer-945_60c70c-76 .kt-block-spacer{height:30px;}.wp-block-kadence-spacer.kt-block-spacer-945_60c70c-76 .kt-divider{border-top-width:1px;height:1px;border-top-color:var(--global-palette4, #2D3748);width:10%;border-top-style:solid;}<\/style>\n<div class=\"wp-block-kadence-spacer aligncenter kt-block-spacer-945_60c70c-76\"><div class=\"kt-block-spacer kt-block-spacer-halign-left\"><hr class=\"kt-divider\"\/><\/div><\/div>\n\n\n\n<p style=\"font-size:12px\"><code>2026<\/code><br>\u00b7 <em>\u00e0 venir<\/em> : R\u00e9sidence au Mus\u00e9e de l&rsquo;Abbaye, Saint-Claude, Jura<br><code>2019<\/code><br>\u00b7 R\u00e9sidence Moly-Sabata \/ Fondation Albert Gleizes<br><code>2014<\/code>&nbsp;<br>\u00b7 R\u00e9sidence au Manoir de Soisay<br><code>2013<\/code>&nbsp;<br>\u00b7 R\u00e9sidence Chamalot-r\u00e9sidence d&rsquo;artistes<\/p>\n\n\n\n<p style=\"font-size:15px\"><strong>Grants\/Awards<\/strong><\/p>\n\n\n<style>.wp-block-kadence-spacer.kt-block-spacer-945_c9407c-f0 .kt-block-spacer{height:30px;}.wp-block-kadence-spacer.kt-block-spacer-945_c9407c-f0 .kt-divider{border-top-width:1px;height:1px;border-top-color:var(--global-palette4, #2D3748);width:10%;border-top-style:solid;}<\/style>\n<div class=\"wp-block-kadence-spacer aligncenter kt-block-spacer-945_c9407c-f0\"><div class=\"kt-block-spacer kt-block-spacer-halign-left\"><hr class=\"kt-divider\"\/><\/div><\/div>\n\n\n\n<p style=\"font-size:12px\"><code>2023<\/code>&nbsp;<br>\u00b7 Nomm\u00e9e au Prix Drawing Now, Carreau du Temple, Paris&nbsp;<br><code>2022<\/code><br>\u00b7 Laur\u00e9ate du 11<sup>e<\/sup> Prix Jean-Fran\u00e7ois Prat&nbsp;<br><code>2021<\/code>&nbsp;<br>\u00b7 Commande de la Chalcographie du Louvre. Pr\u00e9sidente du comit\u00e9 de s\u00e9lection: Dominique de&nbsp;Font-R\u00e9aulx. Sur proposition d&rsquo;Anne Dary&nbsp;<br><code>2020<\/code>&nbsp;<br>\u00b7 Fondation Colas 2020&nbsp;<br><code>2019<\/code>&nbsp;<br>\u00b7 Laur\u00e9ate du prix pour la r\u00e9sidence Moly-Sabata \/&nbsp;Fondation Albert Gleizes,&nbsp;partenaire <br>du 64<sup>e<\/sup>&nbsp;Salon de Montrouge&nbsp;\u2014&nbsp;avec Fran\u00e7ois Dufeil&nbsp;&nbsp;<br><code>2018<\/code>&nbsp;<br>\u00b7 Laur\u00e9ate du 3<sup>e<\/sup> Prix Antoine Marin&nbsp;<br><code>2017<\/code>&nbsp;<br>\u00b7 Laur\u00e9ate du Prix international de peinture Novembre \u00e0 Vitry&nbsp;<br><code>2008<\/code>&nbsp;<br>\u00b7 Laur\u00e9ate du Prix <em>Print and Paper<\/em>, SMFA Boston, \u00c9tats-Unis <sup>US<\/sup>&nbsp;<br>\u00b7 Bourse Collin Lefrancq, School of the Museum of Fine Arts of Boston <sup>US<\/sup><\/p>\n\n\n\n<p style=\"font-size:15px\"><strong>Publications<\/strong><\/p>\n\n\n<style>.wp-block-kadence-spacer.kt-block-spacer-945_9575c0-5d .kt-block-spacer{height:30px;}.wp-block-kadence-spacer.kt-block-spacer-945_9575c0-5d .kt-divider{border-top-width:1px;height:1px;border-top-color:var(--global-palette4, #2D3748);width:10%;border-top-style:solid;}<\/style>\n<div class=\"wp-block-kadence-spacer aligncenter kt-block-spacer-945_9575c0-5d\"><div class=\"kt-block-spacer kt-block-spacer-halign-left\"><hr class=\"kt-divider\"\/><\/div><\/div>\n\n\n\n<p style=\"font-size:12px\"><code>2026<\/code><br>\u00b7 Monographie, Lienart \u00e9ditions. Graphisme :&nbsp;Monika Jakopetrevska. Mus\u00e9e Estrine \u2013 Mus\u00e9e de l&rsquo;Abbaye. <br>Introduction :  Anne Dary, Elisa Farran, Val\u00e9rie Pugin \/ Textes : Guy Boyer, Marianne Derrien, Didier Semin<br><code>2024<\/code><br>\u00b7&nbsp;<em>RELIEF<\/em>, \u00e9dition d\u2019exposition, Galerie Catherine Issert, Saint-Paul-de-Vence. Texte : Dominique Pa\u00efni \/ Graphisme : Antoine Caquard<br><code>2023<\/code><br>\u00b7 <em>Tasajera<\/em>, \u00e9dition d&rsquo;exposition, Stoppenbach &amp; Delestre, London. Texte : Estelle Marois \/ Graphisme : Antoine Caquard&nbsp;<br>\u00b7 <em>Voir en peinture<\/em>, catalogue d&rsquo;exposition, \u00e9dition Li\u00e9nart <br>\u00b7 Catalogue&nbsp;<em>Plus haut tremble<\/em>, Centre d&rsquo;art contemporain \/ Passages \u2014 Troyes. Texte : Didier Semin \/ Graphisme : Antoine Caquard&nbsp;<br><code>2022<\/code><br>\u00b7 Catalogue du 11<sup>e<\/sup> Prix Jean-Fran\u00e7ois Prat, \u00c9ditions Jannink<br><code>2019<\/code>&nbsp;<br>\u00b7 <em>64<sup>e<\/sup> Salon de Montrouge<\/em>, catalogue d&rsquo;exposition, cur: Ami Barak &amp; Marie Gautier, <a data-type=\"page\" data-id=\"238\" href=\"https:\/\/marinewallon.fr\/?page_id=238\" target=\"_blank\" rel=\"noreferrer noopener\">texte : Jo\u00ebl Riff<\/a>&nbsp;<br><code>2018<\/code>&nbsp;<br>\u00b7 <em>La Petite Collection<\/em>, CO2 &amp; Galerie Bertrand Grimont&nbsp;<br>\u00b7 <em>Une chose pour une autre<\/em>, Honor\u00e9 Visconti. Soutien \/ Ars Ultima&nbsp;<br>\u00b7 Catalogue du Prix international de peinture Novembre \u00e0 Vitry&nbsp;<br><code>2016<\/code>&nbsp;<br>\u00b7 Catalogue<em> Matin, midi et soir<\/em>, un projet de Laure Flammarion pour Honor\u00e9 Visconti&nbsp;<br>\u00b7 Catalogue <em>10 ans <\/em>de r\u00e9sidences \u00e0 Chamalot&nbsp;<br><code>2014<\/code><br>\u00b7 <em>La Belle revue<\/em>&nbsp;<br>\u00b7 <em>Catalogue Vendanges de Printemps,<\/em> Chamalot-r\u00e9sidence d\u2019artistes&nbsp;<br><code>2013<\/code>&nbsp;<br>\u00b7 Catalogue <em>Saxifraga Umbrosa<\/em>, texte : Marianne Derrien&nbsp;<br><code>2011<\/code>&nbsp;<br>\u00b7 <em>La po\u00e9sie pour quoi faire ?<\/em>, Presses Universitaires de Paris Ouest&nbsp;<br><code>2009&nbsp;<\/code><br>\u00b7 <em>Catalogue Dipl\u00f4m\u00e9s<\/em>, \u00c9ditions ENSBA&nbsp;<br>\u00b7 <em>L\u2019\u00c9lan Cr\u00e9atif<\/em>, \u00c9ditions Li\u00e9nart, Pr\u00e9face : Didier Semin&nbsp;<br><code>2007&nbsp;<\/code><br>\u00b7 <em>Ce qui se dessine apr\u00e8s le heurt, pouvoir le lire ind\u00e9finiment<\/em>, en collaboration avec Anne Collongues&nbsp;<br>\u00b7 <em>Visites dessin\u00e9es<\/em>, \u00c9ditions ENSBA<\/p>\n\n\n\n<p style=\"font-size:15px\"><strong>Education<\/strong><\/p>\n\n\n<style>.wp-block-kadence-spacer.kt-block-spacer-945_ad2a74-9a .kt-block-spacer{height:30px;}.wp-block-kadence-spacer.kt-block-spacer-945_ad2a74-9a .kt-divider{border-top-width:1px;height:1px;border-top-color:var(--global-palette4, #2D3748);width:10%;border-top-style:solid;}<\/style>\n<div class=\"wp-block-kadence-spacer aligncenter kt-block-spacer-945_ad2a74-9a\"><div class=\"kt-block-spacer kt-block-spacer-halign-left\"><hr class=\"kt-divider\"\/><\/div><\/div>\n\n\n\n<p style=\"font-size:12px\"><code>2009-2010<\/code><br>\u00b7 POST-DIPL\u00d4ME, \u00c9cole nationale sup\u00e9rieure des beaux-arts de Paris<br><code>2009<\/code><br>\u00b7 DIPL\u00d4ME NATIONAL SUP\u00c9RIEUR D&rsquo;ARTS-PLASTIQUES, \u00c9cole nationale sup\u00e9rieure des beaux-arts <br><mark style=\"background-color:rgba(0, 0, 0, 0)\" class=\"has-inline-color has-theme-palette-1-color\">\u00b7<\/mark>de Paris<br>. S\u00c9MINAIRE de Didier Semin<br><code>2008<\/code><br>\u00b7 SMFA School of the Museum of Fine Arts of Boston. Print and Paper Studio, Jennifer Schmidt<br><code>2007<\/code><br>\u00b7 DIPL\u00d4ME NATIONAL D&rsquo;ARTS-PLASTIQUES, \u00c9cole nationale sup\u00e9rieure des beaux-arts de Paris (ENSBA)<\/p>\n\n\n\n<p style=\"font-size:15px\"><strong>Collections<\/strong><\/p>\n\n\n<style>.wp-block-kadence-spacer.kt-block-spacer-945_418207-14 .kt-block-spacer{height:30px;}.wp-block-kadence-spacer.kt-block-spacer-945_418207-14 .kt-divider{border-top-width:1px;height:1px;border-top-color:var(--global-palette4, #2D3748);width:10%;border-top-style:solid;}<\/style>\n<div class=\"wp-block-kadence-spacer aligncenter kt-block-spacer-945_418207-14\"><div class=\"kt-block-spacer kt-block-spacer-halign-left\"><hr class=\"kt-divider\"\/><\/div><\/div>\n\n\n\n<p style=\"font-size:12px\">Collection du Mus\u00e9e du Louvre (Chalcographie)<br>Fondation Colas<br>Collection de la Ville de Vitry-sur-Seine, d\u00e9p\u00f4t au Mus\u00e9e d\u2019Art Contemporain du Val-de-Marne (MACVAL)<br>Biblioth\u00e8que&nbsp;nationale de France<br>Collection Artoth\u00e8que d&rsquo;Annecy<br>Collection d\u2019art contemporain de la Soci\u00e9t\u00e9 G\u00e9n\u00e9rale<br>Collection de Bueil &amp; Ract-Madoux<br>Fonds Moly-Sabata<br>Collections priv\u00e9es<\/p>\n\n\n<style>.wp-block-kadence-spacer.kt-block-spacer-945_4d7ff4-1c .kt-block-spacer{height:30px;}.wp-block-kadence-spacer.kt-block-spacer-945_4d7ff4-1c .kt-divider{border-top-width:1px;height:1px;border-top-color:var(--global-palette1, #3182CE);width:80%;border-top-style:solid;}<\/style>\n<div class=\"wp-block-kadence-spacer aligncenter kt-block-spacer-945_4d7ff4-1c\"><div class=\"kt-block-spacer kt-block-spacer-halign-center\"><hr class=\"kt-divider\"\/><\/div><\/div>\n","protected":false},"excerpt":{"rendered":"<p>Biography Born in 1985 in Paris. &nbsp;Lives and works in Paris.&nbsp;&nbsp; Represented by&nbsp;Galerie Catherine Issert &nbsp;(Saint-Paul-de-Vence, FR)&nbsp; Marine Wallon graduated from the Beaux-Arts in Paris in 2009. Her work has been featured in solo and group exhibitions in galleries in Saint-Paul-de-Vence (Galerie Catherine Issert), London (Stoppenbach &amp; Delestre), Paris (Under Construction Gallery); in public institutions&#8230;<\/p>\n","protected":false},"author":1,"featured_media":0,"parent":0,"menu_order":0,"comment_status":"closed","ping_status":"closed","template":"","meta":{"_kad_post_transparent":"","_kad_post_title":"","_kad_post_layout":"","_kad_post_sidebar_id":"","_kad_post_content_style":"","_kad_post_vertical_padding":"","_kad_post_feature":"","_kad_post_feature_position":"","_kad_post_header":false,"_kad_post_footer":false,"footnotes":""},"yoast_head":"<!-- This site is optimized with the Yoast SEO plugin v21.6 - https:\/\/yoast.com\/wordpress\/plugins\/seo\/ -->\n<title>Biography - MARINE WALLON<\/title>\n<meta name=\"robots\" content=\"index, follow, max-snippet:-1, max-image-preview:large, max-video-preview:-1\" \/>\n<link rel=\"canonical\" href=\"https:\/\/marinewallon.fr\/?page_id=945\" \/>\n<meta property=\"og:locale\" content=\"fr_FR\" \/>\n<meta property=\"og:type\" content=\"article\" \/>\n<meta property=\"og:title\" content=\"Biography - MARINE WALLON\" \/>\n<meta property=\"og:description\" content=\"Biography Born in 1985 in Paris. &nbsp;Lives and works in Paris.&nbsp;&nbsp; Represented by&nbsp;Galerie Catherine Issert &nbsp;(Saint-Paul-de-Vence, FR)&nbsp; Marine Wallon graduated from the Beaux-Arts in Paris in 2009. Her work has been featured in solo and group exhibitions in galleries in Saint-Paul-de-Vence (Galerie Catherine Issert), London (Stoppenbach &amp; Delestre), Paris (Under Construction Gallery); in public institutions...\" \/>\n<meta property=\"og:url\" content=\"https:\/\/marinewallon.fr\/?page_id=945\" \/>\n<meta property=\"og:site_name\" content=\"MARINE WALLON\" \/>\n<meta property=\"article:modified_time\" content=\"2026-03-05T14:29:45+00:00\" \/>\n<meta name=\"twitter:card\" content=\"summary_large_image\" \/>\n<meta name=\"twitter:label1\" content=\"Dur\u00e9e de lecture estim\u00e9e\" \/>\n\t<meta name=\"twitter:data1\" content=\"9 minutes\" \/>\n<script type=\"application\/ld+json\" class=\"yoast-schema-graph\">{\"@context\":\"https:\/\/schema.org\",\"@graph\":[{\"@type\":\"WebPage\",\"@id\":\"https:\/\/marinewallon.fr\/?page_id=945\",\"url\":\"https:\/\/marinewallon.fr\/?page_id=945\",\"name\":\"Biography - MARINE WALLON\",\"isPartOf\":{\"@id\":\"https:\/\/marinewallon.fr\/#website\"},\"datePublished\":\"2023-10-25T09:03:32+00:00\",\"dateModified\":\"2026-03-05T14:29:45+00:00\",\"breadcrumb\":{\"@id\":\"https:\/\/marinewallon.fr\/?page_id=945#breadcrumb\"},\"inLanguage\":\"fr-FR\",\"potentialAction\":[{\"@type\":\"ReadAction\",\"target\":[\"https:\/\/marinewallon.fr\/?page_id=945\"]}]},{\"@type\":\"BreadcrumbList\",\"@id\":\"https:\/\/marinewallon.fr\/?page_id=945#breadcrumb\",\"itemListElement\":[{\"@type\":\"ListItem\",\"position\":1,\"name\":\"Accueil\",\"item\":\"https:\/\/marinewallon.fr\/\"},{\"@type\":\"ListItem\",\"position\":2,\"name\":\"Biography\"}]},{\"@type\":\"WebSite\",\"@id\":\"https:\/\/marinewallon.fr\/#website\",\"url\":\"https:\/\/marinewallon.fr\/\",\"name\":\"MARINE WALLON\",\"description\":\"\",\"alternateName\":\"marinewallon\",\"potentialAction\":[{\"@type\":\"SearchAction\",\"target\":{\"@type\":\"EntryPoint\",\"urlTemplate\":\"https:\/\/marinewallon.fr\/?s={search_term_string}\"},\"query-input\":\"required name=search_term_string\"}],\"inLanguage\":\"fr-FR\"}]}<\/script>\n<!-- \/ Yoast SEO plugin. -->","yoast_head_json":{"title":"Biography - MARINE WALLON","robots":{"index":"index","follow":"follow","max-snippet":"max-snippet:-1","max-image-preview":"max-image-preview:large","max-video-preview":"max-video-preview:-1"},"canonical":"https:\/\/marinewallon.fr\/?page_id=945","og_locale":"fr_FR","og_type":"article","og_title":"Biography - MARINE WALLON","og_description":"Biography Born in 1985 in Paris. &nbsp;Lives and works in Paris.&nbsp;&nbsp; Represented by&nbsp;Galerie Catherine Issert &nbsp;(Saint-Paul-de-Vence, FR)&nbsp; Marine Wallon graduated from the Beaux-Arts in Paris in 2009. Her work has been featured in solo and group exhibitions in galleries in Saint-Paul-de-Vence (Galerie Catherine Issert), London (Stoppenbach &amp; Delestre), Paris (Under Construction Gallery); in public institutions...","og_url":"https:\/\/marinewallon.fr\/?page_id=945","og_site_name":"MARINE WALLON","article_modified_time":"2026-03-05T14:29:45+00:00","twitter_card":"summary_large_image","twitter_misc":{"Dur\u00e9e de lecture estim\u00e9e":"9 minutes"},"schema":{"@context":"https:\/\/schema.org","@graph":[{"@type":"WebPage","@id":"https:\/\/marinewallon.fr\/?page_id=945","url":"https:\/\/marinewallon.fr\/?page_id=945","name":"Biography - MARINE WALLON","isPartOf":{"@id":"https:\/\/marinewallon.fr\/#website"},"datePublished":"2023-10-25T09:03:32+00:00","dateModified":"2026-03-05T14:29:45+00:00","breadcrumb":{"@id":"https:\/\/marinewallon.fr\/?page_id=945#breadcrumb"},"inLanguage":"fr-FR","potentialAction":[{"@type":"ReadAction","target":["https:\/\/marinewallon.fr\/?page_id=945"]}]},{"@type":"BreadcrumbList","@id":"https:\/\/marinewallon.fr\/?page_id=945#breadcrumb","itemListElement":[{"@type":"ListItem","position":1,"name":"Accueil","item":"https:\/\/marinewallon.fr\/"},{"@type":"ListItem","position":2,"name":"Biography"}]},{"@type":"WebSite","@id":"https:\/\/marinewallon.fr\/#website","url":"https:\/\/marinewallon.fr\/","name":"MARINE WALLON","description":"","alternateName":"marinewallon","potentialAction":[{"@type":"SearchAction","target":{"@type":"EntryPoint","urlTemplate":"https:\/\/marinewallon.fr\/?s={search_term_string}"},"query-input":"required name=search_term_string"}],"inLanguage":"fr-FR"}]}},"_links":{"self":[{"href":"https:\/\/marinewallon.fr\/index.php?rest_route=\/wp\/v2\/pages\/945"}],"collection":[{"href":"https:\/\/marinewallon.fr\/index.php?rest_route=\/wp\/v2\/pages"}],"about":[{"href":"https:\/\/marinewallon.fr\/index.php?rest_route=\/wp\/v2\/types\/page"}],"author":[{"embeddable":true,"href":"https:\/\/marinewallon.fr\/index.php?rest_route=\/wp\/v2\/users\/1"}],"replies":[{"embeddable":true,"href":"https:\/\/marinewallon.fr\/index.php?rest_route=%2Fwp%2Fv2%2Fcomments&post=945"}],"version-history":[{"count":86,"href":"https:\/\/marinewallon.fr\/index.php?rest_route=\/wp\/v2\/pages\/945\/revisions"}],"predecessor-version":[{"id":2373,"href":"https:\/\/marinewallon.fr\/index.php?rest_route=\/wp\/v2\/pages\/945\/revisions\/2373"}],"wp:attachment":[{"href":"https:\/\/marinewallon.fr\/index.php?rest_route=%2Fwp%2Fv2%2Fmedia&parent=945"}],"curies":[{"name":"wp","href":"https:\/\/api.w.org\/{rel}","templated":true}]}}